{"id":6913,"date":"2019-09-24T15:55:58","date_gmt":"2019-09-24T13:55:58","guid":{"rendered":"https:\/\/science.rmtmo.eu\/?page_id=6913"},"modified":"2019-11-29T10:16:57","modified_gmt":"2019-11-29T09:16:57","slug":"programme","status":"publish","type":"page","link":"https:\/\/science.rmtmo.eu\/en\/dialog-science\/dialog-science-2019\/programme\/","title":{"rendered":"Programme"},"content":{"rendered":"<section  class=\"section swatch-sciences-white section-short \" ><div class=\"background-media\"><\/div><div class=\"background-overlay\" style=\"\"><\/div><div class=\"container\"><div class=\"row vertical-top\"><div class=\"col-md-6  text-default\" ><h1 class=\"text-left super regular bordered-header\">Programme des manifestations<\/h1><\/div><div class=\"col-md-6  text-default\" ><img decoding=\"async\" alt=\"\" src=\"https:\/\/science.rmtmo.eu\/wp-content\/uploads\/2018\/11\/logo_dialog-science_gross.jpg\" class=\"alignnone\"\/><\/div><\/div><\/div><\/section><section  class=\"section swatch-sciences-white section-nopadding \" ><div class=\"background-media\"><\/div><div class=\"background-overlay\" style=\"\"><\/div><div class=\"container\"><div class=\"row vertical-top\"><div class=\"col-md-12  text-default\" ><div class=\"panel-group \" id=\"accordion_69ee8ad672ef9\"><div class=\"panel panel-default\"><div class=\"panel-heading\"><a class=\"accordion-toggle collapsed\" data-parent=\"#accordion_69ee8ad672ef9\" data-toggle=\"collapse\" href=\"#group69ee8ad673009\">HISTOIRE EN IMAGES DES LUTTES \u00c9COLOGISTES DANS LA R\u00c9GION DU RHIN SUP\u00c9RIEUR<\/a><\/div><div class=\"panel-collapse collapse\" id=\"group69ee8ad673009\"><div class=\"panel-body\"><p><p><strong>Date : <\/strong>8 octobre 2019 \u00e0 Mulhouse<\/p>\n<p><strong>Format et th\u00e9matique :<\/strong> Tables rondes sur le th\u00e8me des mouvements anti-nucl\u00e9aires dans le Rhin sup\u00e9rieur, suivies de projections-d\u00e9bats autour de films-amateurs<\/p>\n<p><strong>Partenaires : <\/strong>Universit\u00e9 de Strasbourg, Hochschule Offenburg, MIRA, ERC, Eucor &#8211; The European Campus, Body Capital, Pilier Sciences de la RMT<\/p>\n<p><strong>Langue : f<\/strong>ran\u00e7ais et allemand (avec interpr\u00e9tation)<\/p>\n<p><strong>Personne de contact: <\/strong>Laura Cassarino, Manager du projet Rhinedits, <a href=\"mailto:l.cassarino@unistra.fr\">l.cassarino@unistra.fr&nbsp;<\/a><\/p>\n<div class=\"dt-inner\">\n<div class=\"source\"><a href=\"https:\/\/science.rmtmo.eu\/wp-content\/uploads\/2019\/09\/Flyer_4p_VF_BDEF.pdf\" target=\"_blank\" rel=\"noopener noreferrer\">Lien vers le flyer de pr\u00e9sentation<\/a><\/div>\n<\/div><\/div><\/div><\/div><div class=\"panel panel-default\"><div class=\"panel-heading\"><a class=\"accordion-toggle collapsed\" data-parent=\"#accordion_69ee8ad672ef9\" data-toggle=\"collapse\" href=\"#group69ee8ad673089\">CONFERENCE \u201cOPEN SCIENCE: WHAT IS CHANGING?\u201d<\/a><\/div><div class=\"panel-collapse collapse\" id=\"group69ee8ad673089\"><div class=\"panel-body\"><p><p><strong>Date : <\/strong>21 octobre 2019 \u00e0 Strasbourg<\/p>\n<p><strong>Format et th\u00e9matique :<\/strong> 2 parties abordant les grandes th\u00e9matiques des politiques de science ouverte ou des changements culturels propres \u00e0 la science ouverte&nbsp;<\/p>\n<p><strong>Partenaires : <\/strong>Universit\u00e9 de Strasbourg, Alsace Digitale, Pilier Sciences de la RMT<\/p>\n<p><strong>Langue : <\/strong>Anglais<\/p>\n<p><strong>Adresse de contact: <a title=\"Nous contacter\" href=\"mailto:openaccessweek@unistra.fr\">openaccessweek@unistra.fr<\/a><\/strong><\/p>\n<div class=\"dt-inner\">\n<div class=\"source\"><a href=\"https:\/\/openaccessweek.unistra.fr\/programme\/\" target=\"_blank\" rel=\"noopener noreferrer\">Lien vers le programme<\/a><\/div>\n<\/div><\/div><\/div><\/div><div class=\"panel panel-default\"><div class=\"panel-heading\"><a class=\"accordion-toggle collapsed\" data-parent=\"#accordion_69ee8ad672ef9\" data-toggle=\"collapse\" href=\"#group69ee8ad6730db\">5\u00e8me CONGRES TRINATIONAL CLIMAT-ENERGIE \u00ab ECONOMIE CIRCULAIRE DANS LES SECTEURS DU B\u00c2TIMENT ET DE L'ENERGIE<\/a><\/div><div class=\"panel-collapse collapse\" id=\"group69ee8ad6730db\"><div class=\"panel-body\"><p><p><strong>Date <\/strong>: 17 octobre 2019, Volkshaus B\u00e2le<\/p>\n<p><strong>Format et th\u00e9matique :&nbsp;<\/strong>Economie de ressources et recyclage des mat\u00e9riaux de construction, Approvisionnement \u00e9nerg\u00e9tique gr\u00e2ce aux d\u00e9chets et \u00e0 la chaleur fatale, Pr\u00e9sentation des installations lors de trois visites parall\u00e8les (transfert en bus)<\/p>\n<p><strong>Public cible : <\/strong>Scientifiques, \u00e9tudiant(e)s, doctorant(e)s, sp\u00e9cialistes de l&#8217;\u00e9conomie, de la politique, de l&#8217;administration et de la science des secteurs de l&#8217;\u00e9nergie et de la protection du climat&nbsp;<\/p>\n<p><strong>Partenaires : <\/strong>TRION-climate e.V., Conf\u00e9rence du Rhin Sup\u00e9rieur, Canton B\u00e2le-Ville, Canton B\u00e2le Campagne<\/p>\n<p><strong>Langue : <\/strong>fran\u00e7ais\/ allemand (avec interpr\u00e9tation)<\/p>\n<p><strong>Personne de contact : <\/strong>Marie Feller, Directrice adjointe,<a href=\"mailto:feller@trion-climate.net\">feller@trion-climate.net<\/a><\/p>\n<p><a href=\"https:\/\/www.trion-climate.net\/text\/367\/de\/trinationaler-energiekongress.html\"><strong>Inscription<\/strong><\/a><\/p>\n<p><a href=\"https:\/\/science.rmtmo.eu\/wp-content\/uploads\/2019\/10\/Programm-DE-FR.jpg\" target=\"_blank\" rel=\"noopener noreferrer\"><strong>Lien vers le programme&nbsp;<\/strong><\/a>&nbsp;<\/p>\n<\/p><\/div><\/div><\/div><div class=\"panel panel-default\"><div class=\"panel-heading\"><a class=\"accordion-toggle collapsed\" data-parent=\"#accordion_69ee8ad672ef9\" data-toggle=\"collapse\" href=\"#group69ee8ad67312b\">TABLE RONDE - REGARDS SATIRIQUES ET CRITIQUES SUR LE MONDE ACADEMIQUE<\/a><\/div><div class=\"panel-collapse collapse\" id=\"group69ee8ad67312b\"><div class=\"panel-body\"><p><p><strong>Dates<\/strong> : 23 octobre 2019, 19h00, Hochschule Karlsruhe f\u00fcr Technik und Wirtschaft.&nbsp;<\/p>\n<p><strong>Format et th\u00e9matique<\/strong> : Table ronde sur le th\u00e8me de la promotion dans le cadre de la projection du film &#8220;Weitermachen Sansoussi&#8221;<\/p>\n<p><strong>Partenaires : <\/strong>Kinemathek Karlsruhe (cin\u00e9math\u00e8que de Karlsruhe)<\/p>\n<p><strong>Public cible<\/strong>: Chercheurs, \u00e9tudiants, doctorants, ainsi que toute personne int\u00e9ress\u00e9e par la th\u00e9matique<\/p>\n<p><strong>Langue<\/strong> : allemand&nbsp;<\/p>\n<p><strong>Adresse de contact: <a>elena.stamm@hs-karlsruhe.de&nbsp;<\/a><\/strong><\/p>\n<div class=\"dt-inner\">\n<div class=\"source\"><a href=\"https:\/\/www.hs-karlsruhe.de\/presse\/satire-und-ernst-des-akademiebetriebs\/\" target=\"_blank\" rel=\"noopener noreferrer\">Lien vers le programme (en allemand)<\/a><\/div>\n<\/div><\/div><\/div><\/div><div class=\"panel panel-default\"><div class=\"panel-heading\"><a class=\"accordion-toggle collapsed\" data-parent=\"#accordion_69ee8ad672ef9\" data-toggle=\"collapse\" href=\"#group69ee8ad67316f\">CONFERENCE - LA REVOLUTION INTELLIGENCE ARTIFICIELLE EST EN MARCHE - METHODES ET APPLICATIONS DE L'IA DANS L'INDUSTRIE<\/a><\/div><div class=\"panel-collapse collapse\" id=\"group69ee8ad67316f\"><div class=\"panel-body\"><p><p><strong>Dates<\/strong> : 23 octobre 2019, 17h00-18h30, Hochschule Karlsruhe f\u00fcr Technik und Wirtschaft.&nbsp;<\/p>\n<p><strong>Format et th\u00e9matique<\/strong> : Conf\u00e9rence sur la th\u00e9matique de l&#8217;Intelligence Artificielle<\/p>\n<p><strong>Public cible<\/strong>: Chercheurs, \u00e9tudiants, doctorants, ainsi que toute personne int\u00e9ress\u00e9e par la th\u00e9matique<\/p>\n<p><strong>Langue<\/strong> : allemand&nbsp;<\/p>\n<p><strong>Adresse de contact: <a>elena.stamm@hs-karlsruhe.de&nbsp;<\/a><\/strong><\/p>\n<div class=\"dt-inner\">\n<div class=\"source\"><a href=\"https:\/\/www.hs-karlsruhe.de\/hochschule\/aktuelles\/termine\/kalender\/detail\/vortrag-die-ki-revolution-laeuft\/\" target=\"_blank\" rel=\"noopener noreferrer\">Lien vers le programme (en allemand)<\/a><\/div>\n<\/div><\/div><\/div><\/div><div class=\"panel panel-default\"><div class=\"panel-heading\"><a class=\"accordion-toggle collapsed\" data-parent=\"#accordion_69ee8ad672ef9\" data-toggle=\"collapse\" href=\"#group69ee8ad6731b0\">VEHICULES AERIENS SANS PILOTE - SERIE DE CONFERENCES PUBLIQUES<\/a><\/div><div class=\"panel-collapse collapse\" id=\"group69ee8ad6731b0\"><div class=\"panel-body\"><p><p><strong>Dates<\/strong> : 26. Oktober 2019, 30. November, 14. Dezember, 18. Januar 2020&nbsp; &nbsp; &nbsp; &nbsp; &nbsp; &nbsp; &nbsp; &nbsp; &nbsp; &nbsp;(09:00- 17:00 Uhr), Hochschule Offenburg<\/p>\n<p><strong>Format et th\u00e9matique<\/strong> : Au semestre d&#8217;hiver 2019\/20 aura lieu un cycle de conf\u00e9rences publiques &#8220;Introduction \u00e0 la technologie des v\u00e9hicules a\u00e9riens sans pilote : du concept au vol automatique&#8221;.<\/p>\n<p><strong>Public cible<\/strong>: \u00e9tudiants, a\u00e9romodellistes ainsi que toute personne int\u00e9ress\u00e9e par la th\u00e9matique<\/p>\n<p><strong>Langue<\/strong> : allemand&nbsp;<\/p>\n<p><strong>Adresse de contact pour inscription (obligatoire)<\/strong><strong>: <a href=\"mailto:mihrican.cevahir@hs-offenburg.de\">mihrican.cevahir@hs-offenburg.de<\/a><\/strong><\/p>\n<div class=\"dt-inner\">\n<div class=\"source\"><a href=\"https:\/\/www.hs-offenburg.de\/aktuell\/veranstaltungen\/veranstaltungen-detailseite\/article\/unbemannte-luftfahrzeuge-oeffentliche-vorlesungsreihe\/\" target=\"_blank\" rel=\"noopener noreferrer\">Lien vers le programme (en allemand)<\/a><\/div>\n<\/div><\/div><\/div><\/div><div class=\"panel panel-default\"><div class=\"panel-heading\"><a class=\"accordion-toggle collapsed\" data-parent=\"#accordion_69ee8ad672ef9\" data-toggle=\"collapse\" href=\"#group69ee8ad6731fa\">PROJET VITIFUTUR - RESULTATS DE LA PLATE-FORME TRANSNATIONALE POUR LA RECHERCHE APPLIQUEE ET LA FORMATION CONTINUE EN VITICULTURE<\/a><\/div><div class=\"panel-collapse collapse\" id=\"group69ee8ad6731fa\"><div class=\"panel-body\"><p><p><img loading=\"lazy\" decoding=\"async\" class=\"wp-image-7063 alignright\" src=\"https:\/\/science.rmtmo.eu\/wp-content\/uploads\/2019\/10\/Vitifutur-Logo-150x150.jpg\" alt=\"\" width=\"116\" height=\"116\" srcset=\"https:\/\/science.rmtmo.eu\/wp-content\/uploads\/2019\/10\/Vitifutur-Logo-150x150.jpg 150w, https:\/\/science.rmtmo.eu\/wp-content\/uploads\/2019\/10\/Vitifutur-Logo-600x600.jpg 600w, https:\/\/science.rmtmo.eu\/wp-content\/uploads\/2019\/10\/Vitifutur-Logo-300x300.jpg 300w\" sizes=\"auto, (max-width: 116px) 100vw, 116px\" \/><\/p>\n<p>&nbsp;<\/p>\n<p>&nbsp;<\/p>\n<p>&nbsp;<\/p>\n<p>&nbsp;<\/p>\n<p><strong>Date<\/strong> : 29 octobre 2019 (10h00- 15h30), Regierungspr\u00e4sidium Freiburg (DE)<\/p>\n<p><strong>Format et th\u00e9matique<\/strong> : Pr\u00e9sentation du projet INTERREG Vitifutur, s\u00e9ries d&#8217;expos\u00e9s sur diff\u00e9rentes th\u00e9matiques autour de la vigne (C\u00e9pages r\u00e9sistants, Pr\u00e9sence et contr\u00f4le des maladies du bois, Maladies virales dans le Rhin sup\u00e9rieur) d\u00e9bat d&#8217;experts et \u00e9changes entre la science et la pratique.<\/p>\n<p><strong>Public cible<\/strong>: Scientifiques, \u00e9tudiant(e)s, doctorant(e)s et toute autre personne int\u00e9ress\u00e9e par la th\u00e9matique<\/p>\n<p><strong>Partenaires<\/strong> :Staatliches Weinbauinstitut Freiburg, Karlsruher Institut f\u00fcr Technologie, Universit\u00e4t Koblenz Landau,RLP AgroScience,JKI Institut f\u00fcr Rebenz\u00fcchtung,Albert-Ludwigs-Universit\u00e4t Freiburg, CNRS-IBMP, Universit\u00e9 Haute Alsace, Dienstleistungszentrum L\u00e4ndlicher Raum Rheinland-Pfalz, Swiss Nanoscience Institute, INRA Colmar<\/p>\n<p><strong>Langue<\/strong> : fran\u00e7ais et allemand (avec interpr\u00e9tation)<\/p>\n<p><strong>Adresse de contact: <\/strong><a href=\"mailto:vitifutur@wbi.bwl.de\">vitifutur@wbi.bwl.de<\/a><\/p>\n<div class=\"dt-inner\">\n<div class=\"source\"><a href=\"https:\/\/www.vitifutur.net\/download\/programme%20symposium%20final%20VITIFUTUR.pdf\" target=\"_blank\" rel=\"noopener noreferrer\">Lien vers le programme<\/a><\/div>\n<\/div><\/div><\/div><\/div><div class=\"panel panel-default\"><div class=\"panel-heading\"><a class=\"accordion-toggle collapsed\" data-parent=\"#accordion_69ee8ad672ef9\" data-toggle=\"collapse\" href=\"#group69ee8ad673251\">RESEARCH EVENT @ SCHOOL OF LIFE SCIENCES<\/a><\/div><div class=\"panel-collapse collapse\" id=\"group69ee8ad673251\"><div class=\"panel-body\"><p><p><strong>Date<\/strong> : 30 octobre 2019 (16:30- 20:00 Uhr), FHNW Campus Muttenz, School of Life Sciences, Muttenz (CH)<\/p>\n<p><strong>Format et th\u00e9matique<\/strong> : Expos\u00e9 sur les approches de mod\u00e9lisation informatique et mol\u00e9culaire dans la technologie pharmaceutique, pr\u00e9sentation de projets de recherche en sciences appliqu\u00e9es dans les domaines des sciences de la vie, couvrant l&#8217;ing\u00e9nierie m\u00e9dicale, l&#8217;informatique m\u00e9dicale, les sciences de l&#8217;environnement ainsi que la chimie et la bioanalytique.<\/p>\n<p><strong>Public cible<\/strong> : Chercheurs, \u00e9tudiants et toute personne int\u00e9ress\u00e9e par la th\u00e9matique<\/p>\n<p><strong>Langue<\/strong> : allemand<\/p>\n<p><strong>Contact : <\/strong>Marion Rutsche<strong>, <a class=\"link-mailto\" href=\"mailto:marion.rutsche@fhnw.ch\" rel=\"nofollow\">marion.rutsche@fhnw.ch<\/a><\/strong><\/p>\n<p><a href=\"https:\/\/www.fhnw.ch\/de\/die-fhnw\/hochschulen\/lifesciences\/events\/research-tour-2019?token=f3b4cda420534a4485cb8a32f0c7f08f\" target=\"_blank\" rel=\"noopener noreferrer\">Lien vers la manifestation<\/a>&nbsp; (en anglais)<\/p>\n<\/p><\/div><\/div><\/div><div class=\"panel panel-default\"><div class=\"panel-heading\"><a class=\"accordion-toggle collapsed\" data-parent=\"#accordion_69ee8ad672ef9\" data-toggle=\"collapse\" href=\"#group69ee8ad67328e\">CONFERENCE ``WELCOME TO THE RESET OF THE REAL``<\/a><\/div><div class=\"panel-collapse collapse\" id=\"group69ee8ad67328e\"><div class=\"panel-body\"><p><p><strong>Date<\/strong> : 30 octobre 2019, 11:30-13:00 Uhr, Hochschule Karlsruhe<\/p>\n<p><strong>Format et th\u00e9matique<\/strong> : Conf\u00e9rence abordant notamment la th\u00e9matique suivante : comment les jeux vid\u00e9o peuvent apporter des solutions r\u00e9elles aux d\u00e9fis complexes de la r\u00e9alit\u00e9 ?<\/p>\n<p><strong>Public cible<\/strong> : Chercheurs, \u00e9tudiants et toute personne int\u00e9ress\u00e9e par la th\u00e9matique<\/p>\n<p><strong>Langue<\/strong> : allemand<\/p>\n<p><strong>Contact : <\/strong>Kerstin Heizmann<strong>, <a href=\"mailto:kerstin.heizmann@hs-karlsruhe.de\">kerstin.heizmann@hs-karlsruhe.de&nbsp;<\/a><\/strong><\/p>\n<p><a href=\"https:\/\/www.hs-karlsruhe.de\/hochschule\/aktuelles\/termine\/kalender\/detail\/welcome-to-the-reset-of-the-real\/\" target=\"_blank\" rel=\"noopener noreferrer\">Lien vers la manifestation<\/a> (en allemand)<\/p>\n<\/p><\/div><\/div><\/div><div class=\"panel panel-default\"><div class=\"panel-heading\"><a class=\"accordion-toggle collapsed\" data-parent=\"#accordion_69ee8ad672ef9\" data-toggle=\"collapse\" href=\"#group69ee8ad6732c4\">CONFERENCE ``REINVENTER LA BASE DE DONNEES`` (Die Wiedererfindung der Dantenbank)<\/a><\/div><div class=\"panel-collapse collapse\" id=\"group69ee8ad6732c4\"><div class=\"panel-body\"><p><p><strong>Date<\/strong> : 06 novembre 2019, 11:30-13:00 Uhr, Hochschule Karlsruhe<\/p>\n<p><strong>Format et th\u00e9matique<\/strong> : 2\u00e8me conf\u00e9rence du semestre d&#8217;hiver 2019\/20 en lien avec la th\u00e9matique de l&#8217;informatique et du traitement des donn\u00e9es<\/p>\n<p><strong>Public cible<\/strong> : Chercheurs, \u00e9tudiants et toute personne int\u00e9ress\u00e9e par la th\u00e9matique<\/p>\n<p><strong>Langue<\/strong> : allemand<\/p>\n<p><strong>Contact : <\/strong>Kerstin Heizmann<strong>, <a href=\"mailto:kerstin.heizmann@hs-karlsruhe.de\">kerstin.heizmann@hs-karlsruhe.de&nbsp;<\/a><\/strong><\/p>\n<p><a href=\"https:\/\/www.hs-karlsruhe.de\/hochschule\/aktuelles\/termine\/kalender\/detail\/die-wiedererfindung-der-datenbank\/\" target=\"_blank\" rel=\"noopener noreferrer\">Lien vers la manifestation<\/a> (en allemand)<\/p>\n<\/p><\/div><\/div><\/div><div class=\"panel panel-default\"><div class=\"panel-heading\"><a class=\"accordion-toggle collapsed\" data-parent=\"#accordion_69ee8ad672ef9\" data-toggle=\"collapse\" href=\"#group69ee8ad6732fb\">FORUM S\u00c9RIE DE CONF\u00c9RENCES ``RECHERCHE DURABLE`` B\u00c2TIMENTS DURABLES - VIVRE ET TRAVAILLER 100 % AVEC DE L'\u00c9NERGIE RENOUVELABLE<\/a><\/div><div class=\"panel-collapse collapse\" id=\"group69ee8ad6732fb\"><div class=\"panel-body\"><p><p><strong>Date<\/strong> : 12 novembre 2019, 19h00, Hochschule Offenburg, Salle D 001.<\/p>\n<p><strong>Format et th\u00e9matique<\/strong> : Apprentissage interdisciplinaire bas\u00e9 sur la recherche sur les b\u00e2timents durables &#8211; vivre et travailler 100 % avec des \u00e9nergies renouvelables<\/p>\n<p><strong>Public cible<\/strong> : Etudiants ainsi que toute personne int\u00e9ress\u00e9e par la th\u00e9matique<\/p>\n<p><strong>Langue<\/strong> : allemand&nbsp;<\/p>\n<p><strong>Personne de contact<\/strong> : Prof. Dr.-Ing. Jens Pfafferott, <a href=\"mailto:jens.pfafferott@hs-offenburg.de\">jens.pfafferott@hs-offenburg.de<\/a><\/p>\n<p><a href=\"https:\/\/www.hs-offenburg.de\/nc\/news-detail\/article\/forum-vortrag-1-nachhaltige-gebaeude\/\" target=\"_blank\" rel=\"noopener noreferrer\">Plus d&#8217;informations<\/a> (en allemand)<\/p>\n<\/p><\/div><\/div><\/div><div class=\"panel panel-default\"><div class=\"panel-heading\"><a class=\"accordion-toggle collapsed\" data-parent=\"#accordion_69ee8ad672ef9\" data-toggle=\"collapse\" href=\"#group69ee8ad673334\">FORUM S\u00c9RIE DE CONF\u00c9RENCES ``RECHERCHE DURABLE`` AGRICULTURE DURABLE - COMMENT ENRAYER LA DISPARITION DES ESPECES ANIMALES ET LE RECHAUFFEMENT CLIMATIQUE ?<\/a><\/div><div class=\"panel-collapse collapse\" id=\"group69ee8ad673334\"><div class=\"panel-body\"><p><p><strong>Date<\/strong> : 19 novembre 2019, 19h00, Hochschule Offenburg, Salle D 001<\/p>\n<p><strong>Format et th\u00e9matique<\/strong> : Apprentissage interdisciplinaire bas\u00e9 sur la recherche sur Agriculture durable &#8211; Comment enrayer l&#8217;extinction des esp\u00e8ces animales et le r\u00e9chauffement climatique ?<\/p>\n<p><strong>Public cible<\/strong> : Etudiants, chercheurs, doctorants ainsi que toute personne int\u00e9ress\u00e9e par la th\u00e9matique<\/p>\n<p><strong>Langue<\/strong> : allemand&nbsp;<\/p>\n<p><strong>Personne de contact<\/strong> : Prof. Dr. rer. nat. Daniel Kray, <a href=\"mailto:daniel.kray@hs-offenburg.de\">daniel.kray@hs-offenburg.de<\/a><\/p>\n<p><a href=\"https:\/\/www.hs-offenburg.de\/aktuell\/veranstaltungen\/veranstaltungen-detailseite\/article\/forum-vortrag-2-nachhaltige-landwirtschaft\/\" target=\"_blank\" rel=\"noopener noreferrer\"><strong>Plus d&#8217;informations<\/strong><\/a> (en allemand)<\/p>\n<\/p><\/div><\/div><\/div><div class=\"panel panel-default\"><div class=\"panel-heading\"><a class=\"accordion-toggle collapsed\" data-parent=\"#accordion_69ee8ad672ef9\" data-toggle=\"collapse\" href=\"#group69ee8ad67336c\">\u00c9NERGIES RENOUVELABLES ET D\u00c9FIS POUR UN SYSTEME \u00c9NERGETIQUE D\u00c9CARBONN\u00c9<\/a><\/div><div class=\"panel-collapse collapse\" id=\"group69ee8ad67336c\"><div class=\"panel-body\"><p><p><strong>Date<\/strong> : 3 d\u00e9cembre 2019 \u00e0 l&#8217;Universit\u00e4t Freiburg (DE)<\/p>\n<p><strong>Format et th\u00e9matique<\/strong> : Pr\u00e9sentation g\u00e9n\u00e9rale du projet INTERREG RES-TMO, discussions autour des th\u00e9matiques suivantes : Potentiels de production d\u2019\u00e9nergie renouvelable dans la RMT et S\u00e9curit\u00e9 d\u2019approvisionnement et flexibilisation des r\u00e9seaux \u00e9lectriques<\/p>\n<p><strong>Public cible:<\/strong> Scientifiques, \u00e9tudiant(e)s, doctorant(e)s, sp\u00e9cialistes de l&#8217;\u00e9conomie, de la politique, de l&#8217;administration et de la science des secteurs de l&#8217;\u00e9nergie et de la protection du climat<\/p>\n<p><strong>Partenaires<\/strong> : Universit\u00e4t Freiburg, Universit\u00e9 de Haute-Alsace, KIT, Universit\u00e9 de Strasbourg, CNRS, TRION-climate e.V., Badenova<\/p>\n<p><strong>Langue<\/strong> : fran\u00e7ais et allemand (avec interpr\u00e9tation)<\/p>\n<p><strong>Personne de contact<\/strong>: Marie Feller, Directrice adjointe, <a href=\"mailto:feller@trion-climate.net\">feller@trion-climate.net<\/a><\/p>\n<div class=\"dt-inner\">\n<div><a href=\"https:\/\/science.rmtmo.eu\/wp-content\/uploads\/2019\/10\/Programme_Lancement-RES-RMT_03.12.2019_FR.pdf\">Programme_Lancement RES-RMT<\/a><\/div>\n<\/div>\n<div>&nbsp;<\/div>\n<div>&nbsp;<\/div>\n<div><a href=\"https:\/\/www.trion-climate.net\/text\/1\/de\/home.html\">Inscriptions<\/a><\/div><\/div><\/div><\/div><div class=\"panel panel-default\"><div class=\"panel-heading\"><a class=\"accordion-toggle collapsed\" data-parent=\"#accordion_69ee8ad672ef9\" data-toggle=\"collapse\" href=\"#group69ee8ad6733b3\">COLLOQUE INTERNATIONAL - DISCOURS MYSTIQUES ET THEORIES DU PSYCHISME - UNE APPROCHE INTERCULTURELLE<\/a><\/div><div class=\"panel-collapse collapse\" id=\"group69ee8ad6733b3\"><div class=\"panel-body\"><p><p><strong>Date<\/strong> : 6 et 7 d\u00e9cembre 2019, 9h00-20h00 et 9h00-13h00, Universit\u00e9 de Strasbourg (Maison Interuniversitaire des Sciences de l&#8217;Homme-Alsace)<\/p>\n<p><strong>Format et th\u00e9matique<\/strong> : Expos\u00e9s et t\u00e9moignages de sp\u00e9cialistes du domaine, table ronde, projection de film.<\/p>\n<p><strong>Public cible<\/strong> : Etudiants, chercheurs, doctorants ainsi que toute personne int\u00e9ress\u00e9e par la th\u00e9matique<\/p>\n<p><strong>Langues<\/strong> : allemand et fran\u00e7ais<\/p>\n<p><strong>Personne de contact :&nbsp;<\/strong><\/p>\n<p>Sonia Goldblum, <a href=\"mailto:sonia.goldblum-krause@uha.fr\">sonia.goldblum-k<span class=\"l6\">rause@uha.fr<\/span><\/a><\/p>\n<p>Christine Maillard, <a href=\"mailto:christine.maillard@misha.fr\">christine.maillard@misha.fr<\/a><\/p>\n<p><a href=\"http:\/\/www.misha.fr\/sites\/5\/File\/2019dec06.pdf\" target=\"_blank\" rel=\"noopener noreferrer\"><strong>Plus d&#8217;informations<\/strong><\/a><\/p>\n<\/p><\/div><\/div><\/div><div class=\"panel panel-default\"><div class=\"panel-heading\"><a class=\"accordion-toggle collapsed\" data-parent=\"#accordion_69ee8ad672ef9\" data-toggle=\"collapse\" href=\"#group69ee8ad6733f0\">FORUM S\u00c9RIE DE CONF\u00c9RENCES ``RECHERCHE DURABLE`` TECHNOLOGIES DE L'EAU DURABLES - PRODUIRE DE L'EAU POTABLE GR\u00c2CE A L'ENERGIE SOLAIRE<\/a><\/div><div class=\"panel-collapse collapse\" id=\"group69ee8ad6733f0\"><div class=\"panel-body\"><p><p><strong>Date<\/strong> : 10 d\u00e9cembre 2019, 19h00, Hochschule Offenburg, Salle D 001<\/p>\n<p><strong>Format et th\u00e9matique<\/strong> : Apprentissage interdisciplinaire bas\u00e9 sur la recherche sur les technologies de l&#8217;eau durables &#8211; Produire de l&#8217;eau potable \u00e0 partir de l&#8217;\u00e9nergie solaire<\/p>\n<p><strong>Public cible<\/strong> : Etudiants, chercheurs, doctorants ainsi que toute personne int\u00e9ress\u00e9e par la th\u00e9matique<\/p>\n<p><strong>Langue<\/strong> : allemand&nbsp;<\/p>\n<p><strong>Personne de contact : <\/strong>Prof. Dr.-Ing. Susanne Mall-Glei\u00dfle<strong>, <a href=\"mailto:susanne.mall-gleissle@hs-offenburg.de\">susanne.mall-gleissle@hs-offenburg.de<\/a><\/strong><\/p>\n<p><a href=\"https:\/\/www.hs-offenburg.de\/aktuell\/veranstaltungen\/veranstaltungen-detailseite\/article\/forum-vortrag-3-nachhaltige-wassertechnologie\/\" target=\"_blank\" rel=\"noopener noreferrer\"><strong>Plus d&#8217;informations<\/strong><\/a> (en allemand)<\/p>\n<\/p><\/div><\/div><\/div><div class=\"panel panel-default\"><div class=\"panel-heading\"><a class=\"accordion-toggle collapsed\" data-parent=\"#accordion_69ee8ad672ef9\" data-toggle=\"collapse\" href=\"#group69ee8ad673427\">MANIFESTATION DE CL\u00d4TURE DIALOG SCIENCE: EVENEMENT DE MISE EN RESEAU DES ACTEURS DE LA MEDIATION SCIENTIFIQUE DU RHIN SUPERIEUR<\/a><\/div><div class=\"panel-collapse collapse\" id=\"group69ee8ad673427\"><div class=\"panel-body\"><p><p><strong>Date<\/strong> : 12 d\u00e9cembre 2019, 14h00-20h00, Kunsthalle Mulhouse<\/p>\n<p><strong>Format et th\u00e9matique<\/strong> : Pr\u00e9sentation d\u2019initiatives innovantes en mati\u00e8re de m\u00e9diation scientifuque avec potentiel de transf\u00e9rabilit\u00e9 transfrontalier, \u00e9change sous la forme de questions-r\u00e9ponses sur les th\u00e9matiques de travail des structures pr\u00e9sentes, enregistrement du webcast &#8220;Science on tourne&#8221;, visite guid\u00e9e de l&#8217;exposition de la plasticienne Agn\u00e8s Veillat, ap\u00e9ro scientifique.<\/p>\n<p><strong>Public cible<\/strong> : acteurs de la m\u00e9diation et de la culture scientifique et technique du Rhin sup\u00e9rieur<\/p>\n<p><strong>Langues<\/strong> : allemand et fran\u00e7ais<\/p>\n<p><strong>Personne de contact : <\/strong>Julie Corouge,<a href=\"mailto:julie.corouge@rmtmo.eu\"> julie.corouge@rmtmo.eu<\/a><\/p>\n<p><a href=\"https:\/\/science.rmtmo.eu\/dialog-science\/dialog-science-2019\/7732-2\/\" target=\"_blank\" rel=\"noopener noreferrer\"><strong>Plus d&#8217;informations<\/strong><\/a><\/p>\n<p><a href=\"https:\/\/framaforms.org\/bebegnung-der-akteure-der-wissenschaftsvermittlung-am-oberrhein-rencontre-des-acteurs-de-la\">Inscriptions<\/a><\/p>\n<\/p><\/div><\/div><\/div><div class=\"panel panel-default\"><div class=\"panel-heading\"><a class=\"accordion-toggle collapsed\" data-parent=\"#accordion_69ee8ad672ef9\" data-toggle=\"collapse\" href=\"#group69ee8ad673462\">FORUM S\u00c9RIES DE CONF\u00c9RENCES ``RECHERCHE DURABLE`` SYSTEMES DE PROPULSION DURABLE - LA MOBILITE ELECTRIQUE DE DEMAIN<\/a><\/div><div class=\"panel-collapse collapse\" id=\"group69ee8ad673462\"><div class=\"panel-body\"><p><p><strong>Date<\/strong> : 14 janvier 2020, 19h00, Hochschule Offenburg, Salle D 001<\/p>\n<p><strong>Format et th\u00e9matique<\/strong> : Apprentissage interdisciplinaire bas\u00e9 sur la recherche sur les syst\u00e8mes de propulsion durable &#8211; La mobilit\u00e9 \u00e9lectrique de demain<\/p>\n<p><strong>Public cible<\/strong> : Etudiants, chercheurs, doctorants ainsi que toute personne int\u00e9ress\u00e9e par la th\u00e9matique<\/p>\n<p><strong>Langue<\/strong> : allemand&nbsp;<\/p>\n<p><strong>Personne de contact : <\/strong><\/p>\n<p>Prof. Dr.-Ing. Christian Kl\u00f6ffer<strong>, <a href=\"mailto:christian.kloeffer@hs-offenburg.de\">christian.kloeffer@hs-offenburg.de<\/a><br \/>\n<\/strong>Prof. Dr. Patrick K\u00f6nig<strong>, <a href=\"mailto:patrick.koenig@hs-offenburg.de\">patrick.koenig@hs-offenburg.de<\/a><\/strong><\/p>\n<p><a href=\"https:\/\/www.hs-offenburg.de\/aktuell\/veranstaltungen\/veranstaltungen-detailseite\/article\/forum-vortrag-4-nachhaltige-antriebskonzepte\/\" target=\"_blank\" rel=\"noopener noreferrer\"><strong>Plus d&#8217;informations<\/strong><\/a> (en allemand)<\/p>\n<\/p><\/div><\/div><\/div><\/div><\/div><\/div><\/div><\/section>\n","protected":false},"excerpt":{"rendered":"Programme des manifestationsHISTOIRE EN IMAGES DES LUTTES \u00c9COLOGISTES DANS LA R\u00c9GION DU RHIN SUP\u00c9RIEURDate : 8 octobre 2019 \u00e0 Mulhouse Format et th\u00e9matique : Tables rondes sur le th\u00e8me des mouvements anti-nucl\u00e9aires dans le Rhin sup\u00e9rieur, suivies de projections-d\u00e9bats autour de films-amateurs Partenaires : Universit\u00e9 de Strasbourg, Hochschule Offenburg, MIRA, ERC, Eucor - The European","protected":false},"author":4,"featured_media":0,"parent":6868,"menu_order":0,"comment_status":"closed","ping_status":"closed","template":"","meta":{"ngg_post_thumbnail":0,"footnotes":""},"class_list":["post-6913","page","type-page","status-publish","hentry"],"aioseo_notices":[],"_links":{"self":[{"href":"https:\/\/science.rmtmo.eu\/en\/wp-json\/wp\/v2\/pages\/6913","targetHints":{"allow":["GET"]}}],"collection":[{"href":"https:\/\/science.rmtmo.eu\/en\/wp-json\/wp\/v2\/pages"}],"about":[{"href":"https:\/\/science.rmtmo.eu\/en\/wp-json\/wp\/v2\/types\/page"}],"author":[{"embeddable":true,"href":"https:\/\/science.rmtmo.eu\/en\/wp-json\/wp\/v2\/users\/4"}],"replies":[{"embeddable":true,"href":"https:\/\/science.rmtmo.eu\/en\/wp-json\/wp\/v2\/comments?post=6913"}],"version-history":[{"count":27,"href":"https:\/\/science.rmtmo.eu\/en\/wp-json\/wp\/v2\/pages\/6913\/revisions"}],"predecessor-version":[{"id":8001,"href":"https:\/\/science.rmtmo.eu\/en\/wp-json\/wp\/v2\/pages\/6913\/revisions\/8001"}],"up":[{"embeddable":true,"href":"https:\/\/science.rmtmo.eu\/en\/wp-json\/wp\/v2\/pages\/6868"}],"wp:attachment":[{"href":"https:\/\/science.rmtmo.eu\/en\/wp-json\/wp\/v2\/media?parent=6913"}],"curies":[{"name":"wp","href":"https:\/\/api.w.org\/{rel}","templated":true}]}}