{"id":5957,"date":"2019-01-10T14:58:40","date_gmt":"2019-01-10T13:58:40","guid":{"rendered":"https:\/\/science.rmtmo.eu\/?page_id=5957"},"modified":"2019-01-10T14:58:40","modified_gmt":"2019-01-10T13:58:40","slug":"intervenants","status":"publish","type":"page","link":"https:\/\/science.rmtmo.eu\/en\/dialog-science\/dialog-science-2018\/intervenants\/","title":{"rendered":"Intervenants"},"content":{"rendered":"<section  class=\"section swatch-sciences-white section-short \" ><div class=\"background-media\"><\/div><div class=\"background-overlay\" style=\"\"><\/div><div class=\"container\"><div class=\"row vertical-top\"><div class=\"col-md-6  text-default\" ><h2 class=\"text-left normal regular bordered-header\">Workshop &#8220;Communication Scientifique&#8221;<\/h2><img decoding=\"async\" alt=\"\" src=\"https:\/\/science.rmtmo.eu\/wp-content\/uploads\/2019\/01\/DialogScience18-2165HDWEB_-300x200.jpg\" class=\"alignnone\"\/><p><strong>Dr. Ulrike Brandt-Bohne<\/strong>, chercheure \u00e0 l\u2019Institut National de Communication Scientifique (NaWik)<\/p>\n<p><strong>Christine Laemmel,c<\/strong>onseill\u00e8re ind\u00e9pendante en Marketing et charg\u00e9e de communication pour le projet Rarenet<\/p>\n<p><strong>Prof. Dr. Paul P\u00e9vet<\/strong>, directeur du r\u00e9seau transnational Neurex<\/p>\n[vc_empty_space height=&#8221;25px&#8221;][vc_empty_space height=&#8221;25px&#8221;]<h2 class=\"text-left normal regular bordered-header\">Table ronde &#8211; La science : interface ou tiraill\u00e9e entre de multiples attentes ??<\/h2><img decoding=\"async\" alt=\"\" src=\"https:\/\/science.rmtmo.eu\/wp-content\/uploads\/2019\/01\/DialogScience18-2533HDWEB_-300x200.jpg\" class=\"alignnone\"\/><p><strong>Josha Frey<\/strong>, membre du Parlement du Bade-Wurttemberg et vice-pr\u00e9sident du Conseil Rh\u00e9nan<\/p>\n<p><strong>Ren\u00e9 Ohlmann<\/strong>, pr\u00e9sident de la Commission \u00ab&nbsp;Coop\u00e9ration transfrontali\u00e8re&nbsp;\u00bb de la CCI Alsace Eurom\u00e9tropole<\/p>\n<p><strong>Prof. Dr. Marc Renner<\/strong>,&nbsp;directeur de l\u2019INSA, porte-parole de l\u2019alliance des \u00e9coles en sciences appliqu\u00e9es TriRhenaTech et vice-pr\u00e9sident du Pilier Sciences de la R\u00e9gion M\u00e9tropolitaine Trinationale du Rhin sup\u00e9rieur<\/p>\n<p><strong>R\u00e9my Sadocco<\/strong>, vice-pr\u00e9sident de la R\u00e9gion Grand Est \u00e0 l\u2019innovation, la recherche et l\u2019enseignement sup\u00e9rieur<\/p>\n<p><strong>Werner Schreiner<\/strong>,&nbsp;d\u00e9l\u00e9gu\u00e9 du Premier ministre de Rh\u00e9nanie-Palatinat \u00e0 la coop\u00e9ration transfrontali\u00e8re et pr\u00e9sident de la Conf\u00e9rence du Rhin Sup\u00e9rieur<\/p>\n<p><strong>Ulrich Steinbach<\/strong>, ministre adjoint du Bade-Wurttemberg \u00e0 la recherche, la science et l\u2019art<\/p>\n<\/div><div class=\"col-md-6  text-default\" ><h2 class=\"text-left normal regular bordered-header\">Table ronde &#8211; Le projet de grande infrastructure de recherche du Rhin Sup\u00e9rieur \u00ab RMTMO-RI \u00bb<\/h2><img decoding=\"async\" alt=\"\" src=\"https:\/\/science.rmtmo.eu\/wp-content\/uploads\/2019\/01\/DialogScience18-2752HDWEB_-300x200.jpg\" class=\"alignnone\"\/><p><strong>Prof. Dr.&nbsp; Michel Deneken<\/strong>, Pr\u00e9sident de l&#8217;universit\u00e9 de Strasbourg<\/p>\n<p><strong>Prof. Dr. Catherine Florentz<\/strong>, premi\u00e8re vice-pr\u00e9sidente et vice-pr\u00e9sidente pour la recherche et la formation doctorale de l\u2019Universit\u00e9 de Strasbourg<\/p>\n<p><strong>Prof. Dr. Thomas Hirth<\/strong>, vice-pr\u00e9sident d\u2019Eucor \u2013 Le Campus Europ\u00e9en et vice-pr\u00e9sident \u00e0 l\u2019innovation et aux affaires internationales au Karlsruher Institut f\u00fcr Technologie<\/p>\n<p><strong>Dr. Michael Overdick<\/strong>, <em>Technology Manager dans l\u2019entreprise <\/em>SICK AG<\/p>\n<\/div><\/div><\/div><\/section><section  class=\"section swatch-sciences-white section-tiny \" ><div class=\"background-media\"><\/div><div class=\"background-overlay\" style=\"\"><\/div><div class=\"container\"><div class=\"row vertical-top\"><div class=\"col-md-12  text-default\" ><\/div><\/div><\/div><\/section>\n","protected":false},"excerpt":{"rendered":"Workshop \"Communication Scientifique\"Dr. Ulrike Brandt-Bohne, chercheure \u00e0 l\u2019Institut National de Communication Scientifique (NaWik) Christine Laemmel,conseill\u00e8re ind\u00e9pendante en Marketing et charg\u00e9e de communication pour le projet Rarenet Prof. Dr. Paul P\u00e9vet, directeur du r\u00e9seau transnational Neurex [vc_empty_space height=\"25px\"][vc_empty_space height=\"25px\"]Table ronde - La science : interface ou tiraill\u00e9e entre de multiples attentes ??Josha Frey, membre du Parlement","protected":false},"author":4,"featured_media":0,"parent":4691,"menu_order":0,"comment_status":"closed","ping_status":"closed","template":"","meta":{"ngg_post_thumbnail":0,"footnotes":""},"class_list":["post-5957","page","type-page","status-publish","hentry"],"aioseo_notices":[],"_links":{"self":[{"href":"https:\/\/science.rmtmo.eu\/en\/wp-json\/wp\/v2\/pages\/5957","targetHints":{"allow":["GET"]}}],"collection":[{"href":"https:\/\/science.rmtmo.eu\/en\/wp-json\/wp\/v2\/pages"}],"about":[{"href":"https:\/\/science.rmtmo.eu\/en\/wp-json\/wp\/v2\/types\/page"}],"author":[{"embeddable":true,"href":"https:\/\/science.rmtmo.eu\/en\/wp-json\/wp\/v2\/users\/4"}],"replies":[{"embeddable":true,"href":"https:\/\/science.rmtmo.eu\/en\/wp-json\/wp\/v2\/comments?post=5957"}],"version-history":[{"count":1,"href":"https:\/\/science.rmtmo.eu\/en\/wp-json\/wp\/v2\/pages\/5957\/revisions"}],"predecessor-version":[{"id":5958,"href":"https:\/\/science.rmtmo.eu\/en\/wp-json\/wp\/v2\/pages\/5957\/revisions\/5958"}],"up":[{"embeddable":true,"href":"https:\/\/science.rmtmo.eu\/en\/wp-json\/wp\/v2\/pages\/4691"}],"wp:attachment":[{"href":"https:\/\/science.rmtmo.eu\/en\/wp-json\/wp\/v2\/media?parent=5957"}],"curies":[{"name":"wp","href":"https:\/\/api.w.org\/{rel}","templated":true}]}}