{"id":11124,"date":"2021-09-13T11:38:37","date_gmt":"2021-09-13T09:38:37","guid":{"rendered":"https:\/\/science.rmtmo.eu\/?page_id=11124"},"modified":"2021-09-15T11:36:04","modified_gmt":"2021-09-15T09:36:04","slug":"11124-2","status":"publish","type":"page","link":"https:\/\/science.rmtmo.eu\/en\/11124-2\/","title":{"rendered":"Programme"},"content":{"rendered":"<section  class=\"section swatch-sciences-white section-short \" ><div class=\"background-media\"><\/div><div class=\"background-overlay\" style=\"\"><\/div><div class=\"container\"><div class=\"row vertical-top\"><div class=\"col-md-6  text-default\" ><h2 class=\"text-left super regular bordered-header\">Dialog Science : calendrier des manifestations<\/h2><\/div><div class=\"col-md-6  text-default\" ><img decoding=\"async\" alt=\"\" src=\"https:\/\/science.rmtmo.eu\/wp-content\/uploads\/2018\/11\/logo_dialog-science_gross.jpg\" class=\"alignnone\"\/><\/div><\/div><\/div><\/section><section  class=\"section swatch-sciences-white section-nopadding \" ><div class=\"background-media\"><\/div><div class=\"background-overlay\" style=\"\"><\/div><div class=\"container\"><div class=\"row vertical-top\"><div class=\"col-md-12  text-default\" ><p>D\u00e9couvrez ci-apr\u00e8s la diversit\u00e9 des manifestations \u00e0 caract\u00e8re scientifique organis\u00e9es dans le Rhin sup\u00e9rieur pendant les semaines de la science, particuli\u00e8rement celles d\u00e9di\u00e9es au renforcement du dialogue entre science, soci\u00e9t\u00e9, \u00e9conomie. En raison de la pand\u00e9mie de la Covid-19, le format des manifestations peut \u00e9voluer, et les modalit\u00e9s de participation d\u00e9pendent des diff\u00e9rentes r\u00e9glemetations en vigueur dans les pays \/ r\u00e9gions dans lesquelles se d\u00e9roulent les \u00e9v\u00e9nements. Merci de consulter les pages d\u00e9di\u00e9es des manifestations pour plus d&#8217;informations.<\/p>\n<p>Le programme des manifestations est mis \u00e0 jour au fil de l&#8217;eau.&nbsp;<\/p>\n<p>&nbsp;<\/p>\n[vc_empty_space][vc_empty_space]<div class=\"panel-group \" id=\"accordion_69edbadb9f0ef\"><div class=\"panel panel-default\"><div class=\"panel-heading\"><a class=\"accordion-toggle collapsed\" data-parent=\"#accordion_69edbadb9f0ef\" data-toggle=\"collapse\" href=\"#group69edbadb9f19b\">OCTOBRE 2021<\/a><\/div><div class=\"panel-collapse collapse\" id=\"group69edbadb9f19b\"><div class=\"panel-body\"><p><\/p><\/div><\/div><\/div><div class=\"panel panel-default\"><div class=\"panel-heading\"><a class=\"accordion-toggle collapsed\" data-parent=\"#accordion_69edbadb9f0ef\" data-toggle=\"collapse\" href=\"#group69edbadb9f1a1\">Cycle de conf\u00e9rence \u201eune g\u00e9opolitique de la propri\u00e9t\u00e9 intellectuelle \u00bb<\/a><\/div><div class=\"panel-collapse collapse\" id=\"group69edbadb9f1a1\"><div class=\"panel-body\"><p><p><strong>Datum \/ Date : <\/strong>1.10.2021<\/p>\n<p><strong>Format &amp; Thematik \/ Format et th\u00e9matique <\/strong>: Conf\u00e9rence au format hybride sur les enjeux de la propri\u00e9t\u00e9 intellectuelle&nbsp;<\/p>\n<p><strong>Ort \/ Lieu :<\/strong> Online &amp; Strasbourg&nbsp;<\/p>\n<p><strong>Partner \/ Partenaires :<\/strong><\/p>\n<p>Centre d&#8217;\u00c9tudes Internationales de la Propri\u00e9t\u00e9 Intellectuelle (CEIPI) de l&#8217;Universit\u00e9 de Strasbourg<\/p>\n<p><strong>Sprache \/ Langue(s) : <\/strong>Fran\u00e7ais&nbsp;<\/p>\n<p><b>Mehr Informationen \/ Plus d&#8217;informations : <a href=\"https:\/\/evenements.unistra.fr\/agenda-unistra\/detail-evenement\/18825-cycle-de-conferences-une-geopolitique-de-la-propriete-intellectuelle\" target=\"_blank\" rel=\"noopener noreferrer\">LINK<\/a><\/b><\/p>\n<\/p><\/div><\/div><\/div><div class=\"panel panel-default\"><div class=\"panel-heading\"><a class=\"accordion-toggle collapsed\" data-parent=\"#accordion_69edbadb9f0ef\" data-toggle=\"collapse\" href=\"#group69edbadb9f1fc\">Conf\u00e9rence : effectuer des travaux de recherche et en parler ``\u00e9conomie politique, chance, institution``<\/a><\/div><div class=\"panel-collapse collapse\" id=\"group69edbadb9f1fc\"><div class=\"panel-body\"><p><p><strong>Datum \/ Date : <\/strong>1.10.2021 (16:15 &#8211; 17:15)<\/p>\n<p><strong>Format &amp; Thematik \/ Format et th\u00e9matique <\/strong>: Conf\u00e9rence hybride de la facult\u00e9 de sciences \u00e9conomiques de l&#8217;Universit\u00e9 de B\u00e2le<\/p>\n<p><strong>Ort \/ Lieu :<\/strong> Online &amp; B\u00e2le<\/p>\n<p><strong>Partner \/ Partenaires : <\/strong>Universit\u00e9 de B\u00e2le<\/p>\n<p><strong>Sprache \/ Langue(s) : Allemand<\/strong><\/p>\n<p><strong>Mehr Informationen \/ Plus d&#8217;informations : <\/strong><a href=\"https:\/\/wwz.unibas.ch\/de\/wwz-aktuell\/news\/details\/neue-veranstaltungsreihe-forschen-und-darueber-reden\/\"><strong>LINK<\/strong><\/a><\/p>\n<\/p><\/div><\/div><\/div><div class=\"panel panel-default\"><div class=\"panel-heading\"><a class=\"accordion-toggle collapsed\" data-parent=\"#accordion_69edbadb9f0ef\" data-toggle=\"collapse\" href=\"#group69edbadb9f22e\">Visite guid\u00e9e ``pain d'\u00e9pices et sucrerie`` : tour d'horizon de 550 ans de foire b\u00e2loise<\/a><\/div><div class=\"panel-collapse collapse\" id=\"group69edbadb9f22e\"><div class=\"panel-body\"><p><p><strong>Datum \/ Date : <\/strong>3.10.2021 (14:00)<\/p>\n<p><strong>Format &amp; Thematik \/ Format et th\u00e9matique <\/strong>: Visite dans le mus\u00e9e pharmaceutique de l&#8217;Universit\u00e9 de B\u00e2le<\/p>\n<p><strong>Ort \/ Lieu :<\/strong> B\u00e2le<\/p>\n<p><strong>Partner \/ Partenaires : <\/strong>Universit\u00e9 de B\u00e2le<\/p>\n<p><strong>Sprache \/ Langue(s) : <\/strong>Allemand<\/p>\n<p><strong>Mehr Informationen \/ Plus d&#8217;informations : <\/strong><a href=\"https:\/\/pharmaziemuseum.ch\/de\/angebote\/fuhrungen\/fuhrung-1\"><strong>LINK<\/strong><\/a><\/p>\n<\/p><\/div><\/div><\/div><div class=\"panel panel-default\"><div class=\"panel-heading\"><a class=\"accordion-toggle collapsed\" data-parent=\"#accordion_69edbadb9f0ef\" data-toggle=\"collapse\" href=\"#group69edbadb9f259\">Conf\u00e9rence ``Ang Lee, le cin\u00e9aste aux 1001 images``<\/a><\/div><div class=\"panel-collapse collapse\" id=\"group69edbadb9f259\"><div class=\"panel-body\"><p><p><strong>Datum \/ Date : <\/strong>4.10.2021 (16:30)<\/p>\n<p><strong>Format &amp; Thematik \/ Format et th\u00e9matique <\/strong>: Conf\u00e9rence de m\u00e9diation scientifique \/ \u00e9tudes cin\u00e9matographiques<\/p>\n<p><strong>Ort \/ Lieu :<\/strong> Strasbourg<\/p>\n<p><strong>Partner \/ Partenaires : <\/strong>Universit\u00e9 de Strasbourg \/ Jardin des Sciences<\/p>\n<p><strong>Sprache \/ Langue(s) : <\/strong>Fran\u00e7ais<\/p>\n<p><strong>Mehr Informationen \/ Plus d&#8217;informations : <\/strong><a href=\"https:\/\/typodun.unistra.fr\/fileadmin\/upload\/Jardin_des_sciences\/conferences\/ProgRentree2021_web_2.pdf\"><strong>LINK<\/strong><\/a><\/p>\n<\/p><\/div><\/div><\/div><div class=\"panel panel-default\"><div class=\"panel-heading\"><a class=\"accordion-toggle collapsed\" data-parent=\"#accordion_69edbadb9f0ef\" data-toggle=\"collapse\" href=\"#group69edbadb9f280\">Expos\u00e9 \u201cThe Cossacks: Between history and mythology\u201d<\/a><\/div><div class=\"panel-collapse collapse\" id=\"group69edbadb9f280\"><div class=\"panel-body\"><p><p><strong>Datum \/ Date : <\/strong>4.10.2021 (14:15 &#8211; 15:45)<\/p>\n<p><strong>Format &amp; Thematik \/ Format et th\u00e9matique <\/strong>: Cycle de manifestations en ligne de l&#8217;initiative \u00abUkrainian Research in Switzerland \u00bb pour une meilleure compr\u00e9hension des enjeux historiques et contemporains de l&#8217;Ukraine<\/p>\n<p><strong>Ort \/ Lieu :<\/strong> Online&nbsp;<\/p>\n<p><strong>Partner \/ Partenaires : <\/strong>Universit\u00e9 de B\u00e2le<\/p>\n<p><strong>Sprache \/ Langue(s) : <\/strong>Anglais<\/p>\n<p><strong>Mehr Informationen \/ Plus d&#8217;informations : <\/strong><a href=\"https:\/\/www.unibas.ch\/dam\/jcr:678782dd-7915-4ce4-9a5b-a256b9968680\/RV_Einfuehrung_Ukrainian_Studies.pdf\"><strong>LINK<\/strong><\/a><\/p>\n<\/p><\/div><\/div><\/div><div class=\"panel panel-default\"><div class=\"panel-heading\"><a class=\"accordion-toggle collapsed\" data-parent=\"#accordion_69edbadb9f0ef\" data-toggle=\"collapse\" href=\"#group69edbadb9f2a8\">KIT Science week 2021<\/a><\/div><div class=\"panel-collapse collapse in\" id=\"group69edbadb9f2a8\"><div class=\"panel-body\"><p><p><strong>Datum \/ Date : <\/strong>5. &#8211; 10.10.2021<\/p>\n<p><strong>Format &amp; Thematik \/ Format et th\u00e9matique <\/strong>: Congr\u00e8s, manifestations, visites, ateliers, MOCCs, festival d&#8217;innovation autour de la th\u00e9matique de l&#8217;Intelligence Articifielle, des technologies et applications qui en d\u00e9coulent&nbsp;<\/p>\n<p><strong>Ort \/ Lieu :<\/strong> Karlsruhe (plusieurs sites) &amp; Online<\/p>\n<p><strong>Partner \/ Partenaires : <\/strong>Karlsruher Institut f\u00fcr Technologie &#8211; KIT<\/p>\n<p><strong>Sprache \/ Langue(s) : <\/strong>Allemand et Anglais<\/p>\n<p><strong>Mehr Informationen \/ Plus d&#8217;informations : <\/strong><a href=\"https:\/\/www.scienceweek.kit.edu\/\"><strong>LINK<\/strong><\/a><\/p>\n<\/p><\/div><\/div><\/div><div class=\"panel panel-default\"><div class=\"panel-heading\"><a class=\"accordion-toggle collapsed\" data-parent=\"#accordion_69edbadb9f0ef\" data-toggle=\"collapse\" href=\"#group69edbadb9f2d2\">Expos\u00e9 \u201em\u00eame les faux peuvent \u00eatre beaux``<\/a><\/div><div class=\"panel-collapse collapse\" id=\"group69edbadb9f2d2\"><div class=\"panel-body\"><p><p><strong>Datum \/ Date : <\/strong>5.10.2021 (17:15 &#8211; 18.45)<\/p>\n<p><strong>Format &amp; Thematik \/ Format et th\u00e9matique <\/strong>: Manifestation dans le cadre d&#8217;un cycle de conf\u00e9rences &#8220;tout sera beau&#8221;<\/p>\n<p><strong>Ort \/ Lieu :<\/strong> B\u00e2le<\/p>\n<p><strong>Partner \/ Partenaires : <\/strong>FHNW&nbsp;<\/p>\n<p><strong>Sprache \/ Langue(s) : <\/strong>Deutsch<\/p>\n<p><strong>Mehr Informationen \/ Plus d&#8217;informations : <\/strong><a href=\"https:\/\/www.fhnw.ch\/de\/die-fhnw\/ringvorlesungen\/alles-wird-schoen\"><strong>LINK<\/strong><\/a><\/p>\n<\/p><\/div><\/div><\/div><div class=\"panel panel-default\"><div class=\"panel-heading\"><a class=\"accordion-toggle collapsed\" data-parent=\"#accordion_69edbadb9f0ef\" data-toggle=\"collapse\" href=\"#group69edbadb9f2f8\">Webinaire \u201el'agilit\u00e9 dans la pratique : comment son utilisation peut \u00eatre r\u00e9ellement mis en oeuvre``<\/a><\/div><div class=\"panel-collapse collapse\" id=\"group69edbadb9f2f8\"><div class=\"panel-body\"><p><p><strong>Datum \/ Date : <\/strong>5.10.2021 (18:00)<\/p>\n<p><strong>Format &amp; Thematik \/ Format et th\u00e9matique <\/strong>: W\u00e9binaire dans le cadre du programme &#8220;psychologie compacte&#8221;&nbsp;<\/p>\n<p><strong>Ort \/ Lieu :<\/strong> Online<\/p>\n<p><strong>Partner \/ Partenaires : <\/strong>FHNW<\/p>\n<p><strong>Sprache \/ Langue(s) : <\/strong>Allemand<\/p>\n<p><strong>Mehr Informationen \/ Plus d&#8217;informations : <\/strong><a href=\"https:\/\/www.fhnw.ch\/de\/weiterbildung\/psychologie\/psychologie-kompakt-online\/agilitaet-in-der-praxis\"><strong>LINK<\/strong><\/a><\/p>\n<\/p><\/div><\/div><\/div><div class=\"panel panel-default\"><div class=\"panel-heading\"><a class=\"accordion-toggle collapsed\" data-parent=\"#accordion_69edbadb9f0ef\" data-toggle=\"collapse\" href=\"#group69edbadb9f31e\">Apr\u00e8s-midi innovation \u201eSustainable Development Requires Lots of Feedback Loops\u201d<\/a><\/div><div class=\"panel-collapse collapse\" id=\"group69edbadb9f31e\"><div class=\"panel-body\"><p><p><strong>Datum \/ Date : <\/strong>6.10.2021 (15.00 &#8211; 18.00)<\/p>\n<p><strong>Format &amp; Thematik \/ Format et th\u00e9matique <\/strong>: Conf\u00e9rence en ligne sur le th\u00e8me de la durabilit\u00e9<\/p>\n<p><strong>Ort \/ Lieu :<\/strong> Furtwangen &amp; Online<\/p>\n<p><strong>Partner \/ Partenaires : <\/strong>Hochschule Furtwangen<\/p>\n<p><strong>Sprache \/ Langue(s) : <\/strong>EN<\/p>\n<p><strong>Mehr Informationen \/ Plus d&#8217;informations : <\/strong><a href=\"https:\/\/www.hs-furtwangen.de\/aktuelles\/detail\/2661-default-bfc1a356e8\/\"><strong>LINK<\/strong><\/a><\/p>\n<\/p><\/div><\/div><\/div><div class=\"panel panel-default\"><div class=\"panel-heading\"><a class=\"accordion-toggle collapsed\" data-parent=\"#accordion_69edbadb9f0ef\" data-toggle=\"collapse\" href=\"#group69edbadb9f343\">Conf\u00e9rence \u00ab Les mus\u00e9es engag\u00e9s pour une coexistence raisonn\u00e9e des soci\u00e9t\u00e9s au sein du vivant \u00bb<\/a><\/div><div class=\"panel-collapse collapse\" id=\"group69edbadb9f343\"><div class=\"panel-body\"><p><p><strong>Datum \/ Date : <\/strong>7.10.2021 (18:30)<\/p>\n<p><strong>Format &amp; Thematik \/ Format et th\u00e9matique <\/strong>: Conf\u00e9rence m\u00e9diation scientifique autour de la contribution scientifique des mus\u00e9es dans le cadre de la F\u00eate des sciences<\/p>\n<p><strong>Ort \/ Lieu :<\/strong> Strasbourg&nbsp;<\/p>\n<p><strong>Partner \/ Partenaires : <\/strong>Universit\u00e9 de Strasbourg \/ Jardin des Sciences<\/p>\n<p><strong>Sprache \/ Langue(s) : <\/strong>Fran\u00e7ais&nbsp;<\/p>\n<p><strong>Mehr Informationen \/ Plus d&#8217;informations : <\/strong><a href=\"https:\/\/typodun.unistra.fr\/fileadmin\/upload\/Jardin_des_sciences\/conferences\/ProgRentree2021_web_2.pdf\"><strong>LINK<\/strong><\/a><\/p>\n<\/p><\/div><\/div><\/div><div class=\"panel panel-default\"><div class=\"panel-heading\"><a class=\"accordion-toggle collapsed\" data-parent=\"#accordion_69edbadb9f0ef\" data-toggle=\"collapse\" href=\"#group69edbadb9f369\">Science on stage festival&nbsp;<\/a><\/div><div class=\"panel-collapse collapse\" id=\"group69edbadb9f369\"><div class=\"panel-body\"><p><p><strong>Datum \/ Date : <\/strong>8. &#8211; 10.10.2021<\/p>\n<p><strong>Format &amp; Thematik \/ Format et th\u00e9matique <\/strong>: festival pour enseignants, ateliers, formations pour enseignants des sciences naturelles et techniques&nbsp;&nbsp;<\/p>\n<p><strong>Ort \/ Lieu :<\/strong> Karlsruhe &amp; Online&nbsp;<\/p>\n<p><strong>Partner \/ Partenaires : <\/strong>P\u00e4dagogische Hochschule Karlsruhe, Hochschule Karlsruhe<\/p>\n<p><strong>Sprache \/ Langue(s) : <\/strong>Allemand<\/p>\n<p><strong>Mehr Informationen \/ Plus d&#8217;informations : <\/strong><a href=\"https:\/\/www.ph-karlsruhe.de\/aktuelles\/artikel\/mint-unterricht-verbessern-science-on-stage-festival-findet-erstmals-in-karlsruhe-statt\"><strong>LINK<\/strong><\/a><\/p>\n<\/p><\/div><\/div><\/div><div class=\"panel panel-default\"><div class=\"panel-heading\"><a class=\"accordion-toggle collapsed\" data-parent=\"#accordion_69edbadb9f0ef\" data-toggle=\"collapse\" href=\"#group69edbadb9f393\">Expos\u00e9 \u201cStages of political change in Ukraine after 1991\u201d<\/a><\/div><div class=\"panel-collapse collapse\" id=\"group69edbadb9f393\"><div class=\"panel-body\"><p><p><strong>Datum \/ Date : <\/strong>11.10.2021 (14:15 &#8211; 15:45)<\/p>\n<p><strong>Format &amp; Thematik \/ Format et th\u00e9matique <\/strong>: Cycle de manifestations en ligne de l\u2019initiative \u00abUkrainian Research in Switzerland \u00bb pour une meilleure compr\u00e9hension des enjeux historiques et contemporains de l\u2019Ukraine<\/p>\n<p><strong>Ort \/ Lieu :<\/strong> Online et B\u00e2le<\/p>\n<p><strong>Partner \/ Partenaires : <\/strong>Universit\u00e9 de B\u00e2le<\/p>\n<p><strong>Sprache \/ Langue(s) : <\/strong>Anglais &amp; Allemand<\/p>\n<p><strong>Mehr Informationen \/ Plus d&#8217;informations : <\/strong><a href=\"https:\/\/www.unibas.ch\/dam\/jcr:678782dd-7915-4ce4-9a5b-a256b9968680\/RV_Einfuehrung_Ukrainian_Studies.pdf\"><strong>LINK<\/strong><\/a><\/p>\n<\/p><\/div><\/div><\/div><div class=\"panel panel-default\"><div class=\"panel-heading\"><a class=\"accordion-toggle collapsed\" data-parent=\"#accordion_69edbadb9f0ef\" data-toggle=\"collapse\" href=\"#group69edbadb9f3bd\">D\u00e9mocratie - ruptures - \u00e9clairage : perspectives de la p\u00e9dagogie de la paix sur des conflits polaris\u00e9s<\/a><\/div><div class=\"panel-collapse collapse\" id=\"group69edbadb9f3bd\"><div class=\"panel-body\"><p><p><strong>Datum \/ Date : <\/strong>11. &#8211; 13.10.2021<\/p>\n<p><strong>Format &amp; Thematik \/ Format et th\u00e9matique <\/strong>: Conf\u00e9rence annuelle du groupe de travail sur la p\u00e9dagogie de la paix&nbsp;<\/p>\n<p><strong>Ort \/ Lieu :<\/strong> Landau<\/p>\n<p><strong>Partner \/ Partenaires : <\/strong>Universit\u00e4t Koblenz-Landau &amp; autres partenaires<\/p>\n<p><strong>Sprache \/ Langue(s) : <\/strong>Allemand<\/p>\n<p><strong>Mehr Informationen \/ Plus d&#8217;informations : <\/strong><a href=\"https:\/\/www.uni-koblenz-landau.de\/de\/friedensakademie\/medien\/fp-tagung-2021\"><strong>LINK<\/strong><\/a><\/p>\n<\/p><\/div><\/div><\/div><div class=\"panel panel-default\"><div class=\"panel-heading\"><a class=\"accordion-toggle collapsed\" data-parent=\"#accordion_69edbadb9f0ef\" data-toggle=\"collapse\" href=\"#group69edbadb9f3e2\">Cycle de conf\u00e9rences \u201eDiversit\u00e9 dans les \u00e9quipes - des perspectives pour la pratiques``<\/a><\/div><div class=\"panel-collapse collapse\" id=\"group69edbadb9f3e2\"><div class=\"panel-body\"><p><p><strong>Datum \/ Date : <\/strong>11.10.2021 (16:30 &#8211; 18:00)<\/p>\n<p><strong>Format &amp; Thematik \/ Format et th\u00e9matique <\/strong>: Cycle de conf\u00e9rences en ligne de la haute \u00e9cole pour les carri\u00e8res sociales autour des d\u00e9fis actuels du monde du travail<\/p>\n<p><strong>Ort \/ Lieu :<\/strong> Online<\/p>\n<p><strong>Partner \/ Partenaires : <\/strong>FHNW<\/p>\n<p><strong>Sprache \/ Langue(s) : <\/strong>Allemand<\/p>\n<p><strong>Mehr Informationen \/ Plus d&#8217;informations : <\/strong><a href=\"https:\/\/www.organisationsdynamik.ch\/ringvorlesung-arbeitswelt\/ringvorlesung-arbeitswelt-deutsch\/\"><strong>LINK<\/strong><\/a><\/p>\n<\/p><\/div><\/div><\/div><div class=\"panel panel-default\"><div class=\"panel-heading\"><a class=\"accordion-toggle collapsed\" data-parent=\"#accordion_69edbadb9f0ef\" data-toggle=\"collapse\" href=\"#group69edbadb9f407\">Table-ronde \u201eCensure sur les r\u00e9seaux sociaux\u201c<\/a><\/div><div class=\"panel-collapse collapse\" id=\"group69edbadb9f407\"><div class=\"panel-body\"><p><p><strong>Datum \/ Date : <\/strong>14.10.2021 (18:00 &#8211; 19:30)<\/p>\n<p><strong>Format &amp; Thematik \/ Format et th\u00e9matique <\/strong>: Table-ronde dans le cadre de la s\u00e9rie de manifestations &#8220;perspectives franco-allemandes en dialogue&#8221;<\/p>\n<p><strong>Ort \/ Lieu :<\/strong> Online&nbsp;<\/p>\n<p><strong>Partner \/ Partenaires : Albert-Ludwigs Universit\u00e4t Freiburg<\/strong><\/p>\n<p><strong>Sprache \/ Langue(s) : <\/strong>Allemand<\/p>\n<p><strong>Mehr Informationen \/ Plus d&#8217;informations : <\/strong><a href=\"https:\/\/uni-freiburg.de\/universitaet\/events\/1108\/\"><strong>LINK<\/strong><\/a><\/p>\n<\/p><\/div><\/div><\/div><div class=\"panel panel-default\"><div class=\"panel-heading\"><a class=\"accordion-toggle collapsed\" data-parent=\"#accordion_69edbadb9f0ef\" data-toggle=\"collapse\" href=\"#group69edbadb9f42c\">Cycle de conf\u00e9rence \u201ejeunes talents, sciences et musique\u201c: hydrog\u00e9ologie<\/a><\/div><div class=\"panel-collapse collapse\" id=\"group69edbadb9f42c\"><div class=\"panel-body\"><p><p><strong>Datum \/ Date : <\/strong>14.10.2021<\/p>\n<p><strong>Format &amp; Thematik \/ Format et th\u00e9matique <\/strong>: le cycle de manifestation propose des expos\u00e9s sur des th\u00e8mes actuels de recherche des jeunes chercheurs du KIT ainsi qu&#8217;un programme musical<\/p>\n<p><strong>Ort \/ Lieu :<\/strong> Karlsruhe<\/p>\n<p><strong>Partner \/ Partenaires : <\/strong>Karlsruher Institut f\u00fcr Technologie &#8211; KIT&nbsp;<\/p>\n<p><strong>Sprache \/ Langue(s) : <\/strong>Allemand<\/p>\n<p><strong>Mehr Informationen \/ Plus d&#8217;informations : <\/strong><a href=\"https:\/\/www.kit.edu\/kit\/veranstaltungskalender.php\/event\/44346?f=%7B%22v%22%3A%22list%22%2C%22d%22%3A%2220210913%22%7D#calendar_top\"><strong>LINK<\/strong><\/a><\/p>\n<\/p><\/div><\/div><\/div><div class=\"panel panel-default\"><div class=\"panel-heading\"><a class=\"accordion-toggle collapsed\" data-parent=\"#accordion_69edbadb9f0ef\" data-toggle=\"collapse\" href=\"#group69edbadb9f452\">Interactions with industry: The Neurex NeuroForum&nbsp;<\/a><\/div><div class=\"panel-collapse collapse\" id=\"group69edbadb9f452\"><div class=\"panel-body\"><p><p><strong>Datum \/ Date : <\/strong>14.10.2021 (09:00 &#8211; 17:00)<\/p>\n<p><strong>Format &amp; Thematik \/ Format et th\u00e9matique <\/strong>: Online Neurex lab-companies NeuroForum, aiming at gathering all the protagonists of the Neuroscience R&amp;D dynamics<\/p>\n<p><strong>Ort \/ Lieu :<\/strong> Online<\/p>\n<p><strong>Partner \/ Partenaires : <\/strong>Neurex<\/p>\n<p><strong>Sprache \/ Langue(s) : <\/strong>Anglais<\/p>\n<p><strong>Mehr Informationen \/ Plus d&#8217;informations : <\/strong><a href=\"https:\/\/www.neurex.org\/events\/events-to-come\/item\/505-the-neurex-neuroforum\"><strong>LINK<\/strong><\/a><\/p>\n<\/p><\/div><\/div><\/div><div class=\"panel panel-default\"><div class=\"panel-heading\"><a class=\"accordion-toggle collapsed\" data-parent=\"#accordion_69edbadb9f0ef\" data-toggle=\"collapse\" href=\"#group69edbadb9f476\">Conf\u00e9rence annuelle ``demi-v\u00e9rit\u00e9s. V\u00e9rit\u00e9, fiction et conspiration au temps des ``faits post\u00e9s````<\/a><\/div><div class=\"panel-collapse collapse\" id=\"group69edbadb9f476\"><div class=\"panel-body\"><p><p><strong>Datum \/ Date : <\/strong>14. &#8211; 16.10.2021<\/p>\n<p><strong>Format &amp; Thematik \/ Format et th\u00e9matique <\/strong>: Conf\u00e9rence annuelle du projet de recherche &#8220;demi-v\u00e9rit\u00e9s. V\u00e9rit\u00e9, fiction et conspiration au temps des &#8220;faits post\u00e9s&#8221;&#8221;<\/p>\n<p><strong>Ort \/ Lieu :<\/strong> B\u00e2le &amp; Online&nbsp;<\/p>\n<p><strong>Partner \/ Partenaires : <\/strong>Universit\u00e9 de B\u00e2le<\/p>\n<p><strong>Sprache \/ Langue(s) : <\/strong>Allemand &amp; Anglais<\/p>\n<p><strong>Mehr Informationen \/ Plus d&#8217;informations : <\/strong><a href=\"https:\/\/halbwahrheiten.philhist.unibas.ch\/de\"><strong>LINK<\/strong><\/a><\/p>\n<\/p><\/div><\/div><\/div><div class=\"panel panel-default\"><div class=\"panel-heading\"><a class=\"accordion-toggle collapsed\" data-parent=\"#accordion_69edbadb9f0ef\" data-toggle=\"collapse\" href=\"#group69edbadb9f49b\">EPICamp Mobility, Migration, Multilingualism: Shaping European Identities and Languages in Past and Present<\/a><\/div><div class=\"panel-collapse collapse\" id=\"group69edbadb9f49b\"><div class=\"panel-body\"><p><p><strong>Datum \/ Date : <\/strong>15.10.2021 (09:00 &#8211; 18:00)<\/p>\n<p><strong>Format &amp; Thematik \/ Format et th\u00e9matique <\/strong>: Manifestation virtuelle et interactive \u00e0 destination des chercheurs de diff\u00e9rentes disciplines et de partenaires extra-acad\u00e9miques&nbsp;<\/p>\n<p><strong>Ort \/ Lieu :<\/strong> Online<\/p>\n<p><strong>Partner \/ Partenaires :<\/strong>Albert-Ludwigs Universit\u00e4t Freiburg<\/p>\n<p><strong>Sprache \/ Langue(s) : <\/strong>Allemand<\/p>\n<p><strong>Mehr Informationen \/ Plus d&#8217;informations : <\/strong><a href=\"https:\/\/uni-freiburg.de\/universitaet\/events\/1135\/\"><strong>LINK<\/strong><\/a><\/p>\n<\/p><\/div><\/div><\/div><div class=\"panel panel-default\"><div class=\"panel-heading\"><a class=\"accordion-toggle collapsed\" data-parent=\"#accordion_69edbadb9f0ef\" data-toggle=\"collapse\" href=\"#group69edbadb9f4c0\">Expos\u00e9 \u201cThe War in Donbas and its political and social consequences``<\/a><\/div><div class=\"panel-collapse collapse\" id=\"group69edbadb9f4c0\"><div class=\"panel-body\"><p><p><strong>Datum \/ Date : <\/strong>18.10.2021 (14:15 &#8211; 15:45)<\/p>\n<p><strong>Format &amp; Thematik \/ Format et th\u00e9matique <\/strong>:<\/p>\n<p>Cycle de manifestations en ligne de l\u2019initiative \u00abUkrainian Research in Switzerland \u00bb pour une meilleure compr\u00e9hension des enjeux historiques et contemporains de l\u2019Ukraine<\/p>\n<p><strong>Ort \/ Lieu :<\/strong>&nbsp;Online&nbsp;<\/p>\n<p><strong>Partner \/ Partenaires :&nbsp;<\/strong>Universit\u00e9 de B\u00e2le<\/p>\n<p><strong>Sprache \/ Langue(s) :&nbsp;<\/strong>Anglais<\/p>\n<p><strong>Mehr Informationen \/ Plus d\u2019informations :&nbsp;<\/strong><a href=\"https:\/\/www.unibas.ch\/dam\/jcr:678782dd-7915-4ce4-9a5b-a256b9968680\/RV_Einfuehrung_Ukrainian_Studies.pdf\"><strong>LINK<\/strong><\/a><\/p>\n<\/p><\/div><\/div><\/div><div class=\"panel panel-default\"><div class=\"panel-heading\"><a class=\"accordion-toggle collapsed\" data-parent=\"#accordion_69edbadb9f0ef\" data-toggle=\"collapse\" href=\"#group69edbadb9f4e6\">Colloque d'automne de g\u00e9omatique<\/a><\/div><div class=\"panel-collapse collapse\" id=\"group69edbadb9f4e6\"><div class=\"panel-body\"><p><p><strong>Datum \/ Date : <\/strong>19.10.2021<\/p>\n<p><strong>Format &amp; Thematik \/ Format et th\u00e9matique <\/strong>: Colloque &#8221; mod\u00e9lisation proc\u00e9durale et design g\u00e9n\u00e9ratif &#8211; quand les algorithmes planifient\/raient les villes&#8221;<\/p>\n<p><strong>Ort \/ Lieu :<\/strong> Muttenz ou Online&nbsp;<\/p>\n<p><strong>Partner \/ Partenaires : <\/strong>FHNW<\/p>\n<p><strong>Sprache \/ Langue(s) : <\/strong>Allemand &amp; Anglais<\/p>\n<p><strong>Mehr Informationen \/ Plus d&#8217;informations : <\/strong><a href=\"https:\/\/www.fhnw.ch\/de\/die-fhnw\/hochschulen\/architektur-bau-geomatik\/institute\/institut-geomatik\/events\/geomatik-herbst-kolloquium_okt21\"><strong>LINK<\/strong><\/a><\/p>\n<\/p><\/div><\/div><\/div><div class=\"panel panel-default\"><div class=\"panel-heading\"><a class=\"accordion-toggle collapsed\" data-parent=\"#accordion_69edbadb9f0ef\" data-toggle=\"collapse\" href=\"#group69edbadb9f50c\">Soir\u00e9e th\u00e9matique \u201c Une constance en plein changement- Le jardin zoologique de B\u00e2le 1944\u20131966\u201c<\/a><\/div><div class=\"panel-collapse collapse\" id=\"group69edbadb9f50c\"><div class=\"panel-body\"><p><p><strong>Datum \/ Date : <\/strong>20.10.2021 (18:00 &#8211; 19:15)<\/p>\n<p><strong>Format &amp; Thematik \/ Format et th\u00e9matique <\/strong>: Conf\u00e9rence sur l&#8217;histoire du jardin zoologique de B\u00e2le et sa contribution scientifique&nbsp;<\/p>\n<p><strong>Ort \/ Lieu :<\/strong> B\u00e2le&nbsp;<\/p>\n<p><strong>Partner \/ Partenaires : <\/strong>Universit\u00e9 de B\u00e2le<\/p>\n<p><strong>Sprache \/ Langue(s) : <\/strong>Allemand<\/p>\n<p><strong>Mehr Informationen \/ Plus d&#8217;informations : <\/strong><a href=\"https:\/\/www.unibas.ch\/dam\/jcr:8858b3b2-3ec6-4621-b080-2740ea653a33\/UB-Abendprogramm_Herbst_2021.pdf\"><strong>LINK<\/strong><\/a><\/p>\n<\/p><\/div><\/div><\/div><div class=\"panel panel-default\"><div class=\"panel-heading\"><a class=\"accordion-toggle collapsed\" data-parent=\"#accordion_69edbadb9f0ef\" data-toggle=\"collapse\" href=\"#group69edbadb9f531\">Expos\u00e9 \u201eEsprit public et jugement - liens avec l'histoire de la rh\u00e9torique\u201c<\/a><\/div><div class=\"panel-collapse collapse\" id=\"group69edbadb9f531\"><div class=\"panel-body\"><p><p><strong>Datum \/ Date : <\/strong>20.10.2021 (18:00 &#8211; 19:30)<\/p>\n<p><strong>Format &amp; Thematik \/ Format et th\u00e9matique <\/strong>: Expos\u00e9 dans le cadre du cycle de conf\u00e9rences \u201eSommes-nous tous fous ? plus vite &#8211; plus haut?\u201c<\/p>\n<p><strong>Ort \/ Lieu :<\/strong> Windisch (CH)<\/p>\n<p><strong>Partner \/ Partenaires : <\/strong>FHNW<\/p>\n<p><strong>Sprache \/ Langue(s) : <\/strong>Allemand<\/p>\n<p><strong>Mehr Informationen \/ Plus d&#8217;informations : <\/strong><a href=\"https:\/\/www.fhnw.ch\/de\/die-fhnw\/ringvorlesungen\/sind-wir-alle-von-sinnen\"><strong>LINK<\/strong><\/a><\/p>\n<\/p><\/div><\/div><\/div><div class=\"panel panel-default\"><div class=\"panel-heading\"><a class=\"accordion-toggle collapsed\" data-parent=\"#accordion_69edbadb9f0ef\" data-toggle=\"collapse\" href=\"#group69edbadb9f554\">Atelier public \u201echemins d'avenir pour l'impression 3D dans notre soci\u00e9t\u00e9``<\/a><\/div><div class=\"panel-collapse collapse\" id=\"group69edbadb9f554\"><div class=\"panel-body\"><p><p><strong>Datum \/ Date : <\/strong>20.10.2021 (18:00 &#8211; 19:30)<\/p>\n<p><strong>Format &amp; Thematik \/ Format et th\u00e9matique <\/strong>: Atelier en ligne sur les perspectives d&#8217;avenir de l&#8217;impression 3D&nbsp;<\/p>\n<p><strong>Ort \/ Lieu :<\/strong> Online&nbsp;<\/p>\n<p><strong>Partner \/ Partenaires : <\/strong>Karlsruher Institut f\u00fcr Technologie &#8211; KIT<\/p>\n<p><strong>Sprache \/ Langue(s) : <\/strong>Allemand<\/p>\n<p><strong>Mehr Informationen \/ Plus d&#8217;informations : <\/strong><a href=\"https:\/\/www.kit.edu\/kit\/veranstaltungskalender.php\/event\/44636?f=%7B%22v%22%3A%22list%22%2C%22d%22%3A%2220210913%22%7D#calendar_top\"><strong>LINK<\/strong><\/a><\/p>\n<\/p><\/div><\/div><\/div><div class=\"panel panel-default\"><div class=\"panel-heading\"><a class=\"accordion-toggle collapsed\" data-parent=\"#accordion_69edbadb9f0ef\" data-toggle=\"collapse\" href=\"#group69edbadb9f579\">Conf\u00e9rence ``L'UE et la Chine \u2013 vers une concurrence syst\u00e9matique ?``<\/a><\/div><div class=\"panel-collapse collapse\" id=\"group69edbadb9f579\"><div class=\"panel-body\"><p><p><strong>Datum \/ Date : <\/strong>21.10.2021 (19:00 &#8211; 20:45)<\/p>\n<p><strong>Format &amp; Thematik \/ Format et th\u00e9matique <\/strong>: Conf\u00e9rence &#8211; d\u00e9bat dans le cadre du cycle de conf\u00e9rences &#8220;perspectives europ\u00e9ennes&#8221;&nbsp;<\/p>\n<p><strong>Ort \/ Lieu :<\/strong> Online<\/p>\n<p><strong>Partner \/ Partenaires : <\/strong>Albert-Ludwigs-Universit\u00e4t Freiburg<\/p>\n<p><strong>Sprache \/ Langue(s) : <\/strong>Allemand<\/p>\n<p><strong>Mehr Informationen \/ Plus d&#8217;informations : <\/strong><a href=\"https:\/\/uni-freiburg.de\/universitaet\/events\/1126\/\"><strong>LINK<\/strong><\/a><\/p>\n<\/p><\/div><\/div><\/div><div class=\"panel panel-default\"><div class=\"panel-heading\"><a class=\"accordion-toggle collapsed\" data-parent=\"#accordion_69edbadb9f0ef\" data-toggle=\"collapse\" href=\"#group69edbadb9f59d\">Atelier ``Octroi de licences de softwares au KIT et au ZEISS``<\/a><\/div><div class=\"panel-collapse collapse\" id=\"group69edbadb9f59d\"><div class=\"panel-body\"><p><p><strong>Datum \/ Date : <\/strong>21.10.2021 (14:00 &#8211; 16:00)<\/p>\n<p><strong>Format &amp; Thematik \/ Format et th\u00e9matique <\/strong>: Ev\u00e9nement d&#8217;\u00e9changes autour de la valorisation et de l&#8217;octroi de licence de softwares&nbsp;<\/p>\n<p><strong>Ort \/ Lieu :<\/strong> Eggenstein-Leopoldshafen<\/p>\n<p><strong>Partner \/ Partenaires : <\/strong>Karlsruher Institut f\u00fcr Technologie \u2013 KIT; ZEISS<\/p>\n<p><strong>Sprache \/ Langue(s) : <\/strong>Allemand<\/p>\n<p><strong>Mehr Informationen \/ Plus d&#8217;informations : <\/strong><a href=\"https:\/\/www.irm.kit.edu\/lizenzen.php\"><strong>LINK<\/strong><\/a><\/p>\n<\/p><\/div><\/div><\/div><div class=\"panel panel-default\"><div class=\"panel-heading\"><a class=\"accordion-toggle collapsed\" data-parent=\"#accordion_69edbadb9f0ef\" data-toggle=\"collapse\" href=\"#group69edbadb9f5c1\">Science days 2021<\/a><\/div><div class=\"panel-collapse collapse\" id=\"group69edbadb9f5c1\"><div class=\"panel-body\"><p><p><strong>Datum \/ Date : <\/strong>21. &#8211; 23.10.2021<\/p>\n<p><strong>Format &amp; Thematik \/ Format et th\u00e9matique <\/strong>: Festival scientifique avec participation de nomvreux \u00e9tablissements d&#8217;enseignement sup\u00e9rieur et de recherche de la r\u00e9gion<\/p>\n<p><strong>Ort \/ Lieu :<\/strong> Europa-Park, Rust<\/p>\n<p><strong>Partner \/ Partenaires : <\/strong>Science &amp; Technologie gGmbH &amp; de nombreux partenaires&nbsp;<\/p>\n<p><strong>Sprache \/ Langue(s) :&nbsp;<\/strong> Allemand &amp; Anglais<\/p>\n<p><strong>Mehr Informationen \/ Plus d&#8217;informations : <\/strong><a href=\"https:\/\/www.science-und-technologie.de\/science-days\"><strong>LINK<\/strong><\/a><\/p>\n<\/p><\/div><\/div><\/div><div class=\"panel panel-default\"><div class=\"panel-heading\"><a class=\"accordion-toggle collapsed\" data-parent=\"#accordion_69edbadb9f0ef\" data-toggle=\"collapse\" href=\"#group69edbadb9f5e6\">Blackforest Hackathon&nbsp; &nbsp; &nbsp; &nbsp;<\/a><\/div><div class=\"panel-collapse collapse\" id=\"group69edbadb9f5e6\"><div class=\"panel-body\"><p><p><strong>Datum \/ Date : <\/strong>22. &#8211; 24.10.2021<\/p>\n<p><strong>Format &amp; Thematik \/ Format et th\u00e9matique <\/strong>: Hackathon autour de la th\u00e9matique &#8220;Smart living&#8221;<\/p>\n<p><strong>Ort \/ Lieu :<\/strong> Technologiepark Offenburg&nbsp;<\/p>\n<p><strong>Partner \/ Partenaires : <\/strong>Wirtschaftsregion Ortenau GmbH<\/p>\n<p><strong>Sprache \/ Langue(s) : <\/strong>Allemand<\/p>\n<p><strong>Mehr Informationen \/ Plus d&#8217;informations : <\/strong><a href=\"https:\/\/blackforest-hackathon.com\/\"><strong>LINK<\/strong><\/a><\/p>\n<\/p><\/div><\/div><\/div><div class=\"panel panel-default\"><div class=\"panel-heading\"><a class=\"accordion-toggle collapsed\" data-parent=\"#accordion_69edbadb9f0ef\" data-toggle=\"collapse\" href=\"#group69edbadb9f60b\">Podium Interface \u201echangement climatique - crise climatique - espoir pour le climat``<\/a><\/div><div class=\"panel-collapse collapse\" id=\"group69edbadb9f60b\"><div class=\"panel-body\"><p><p><strong>Datum \/ Date : <\/strong>25.10.2021<\/p>\n<p><strong>Format &amp; Thematik \/ Format et th\u00e9matique <\/strong>: Cycle de manifestations autour des sciences naturelles et techniques, de la philosophie et de l&#8217;art&nbsp;<\/p>\n<p><strong>Ort \/ Lieu :<\/strong> Windisch (CH)<\/p>\n<p><strong>Partner \/ Partenaires : <\/strong>FHNW&nbsp;<\/p>\n<p><strong>Sprache \/ Langue(s) : <\/strong>Allemand<\/p>\n<p><strong>Mehr Informationen \/ Plus d&#8217;informations : <\/strong><a href=\"https:\/\/www.fhnw.ch\/de\/die-fhnw\/hochschulen\/ht\/events\/interface-schmid\"><strong>LINK<\/strong><\/a><\/p>\n<\/p><\/div><\/div><\/div><div class=\"panel panel-default\"><div class=\"panel-heading\"><a class=\"accordion-toggle collapsed\" data-parent=\"#accordion_69edbadb9f0ef\" data-toggle=\"collapse\" href=\"#group69edbadb9f635\">Upper-Rhine Artificial Intelligence Symposium 2021<\/a><\/div><div class=\"panel-collapse collapse\" id=\"group69edbadb9f635\"><div class=\"panel-body\"><p><p><strong>Datum \/ Date : <\/strong>27.10.2021<\/p>\n<p><strong>Format &amp; Thematik \/ Format et th\u00e9matique <\/strong>: life science applications, IA, keynote speeches from universities and industry&nbsp;<\/p>\n<p><strong>Ort \/ Lieu :<\/strong> Kaiserslautern<\/p>\n<p><strong>Partner \/ Partenaires : <\/strong>Alliance TriRhenaTech<\/p>\n<p><strong>Sprache \/ Langue(s) : <\/strong>Allemand \/ Fran\u00e7ais \/ Anglais<\/p>\n<p><strong>Mehr Informationen \/ Plus d&#8217;informations : <\/strong><a href=\"https:\/\/www.trirhenatech.eu\/index.php?id=10249\"><strong>LINK<\/strong><\/a><\/p>\n<\/p><\/div><\/div><\/div><div class=\"panel panel-default\"><div class=\"panel-heading\"><a class=\"accordion-toggle collapsed\" data-parent=\"#accordion_69edbadb9f0ef\" data-toggle=\"collapse\" href=\"#group69edbadb9f65c\">Uni-Talk autour du th\u00e8me ``monnaie, billet et bitcoins - l'avenir de l'argent`` &nbsp; &nbsp; &nbsp; &nbsp;<\/a><\/div><div class=\"panel-collapse collapse\" id=\"group69edbadb9f65c\"><div class=\"panel-body\"><p><p><strong>Datum \/ Date : <\/strong>27.10.2021 (17:30 &#8211; 19:30)<\/p>\n<p><strong>Format &amp; Thematik \/ Format et th\u00e9matique <\/strong>: table-rondes rassemblant des chercheurs de l&#8217;Universit\u00e9 de B\u00e2le et des experts des r\u00e9gions autour de th\u00e9matiques actuelles&nbsp;<\/p>\n<p><strong>Ort \/ Lieu :<\/strong> Liestal (CH)<\/p>\n<p><strong>Partner \/ Partenaires : <\/strong>Universit\u00e9 de B\u00e2le<\/p>\n<p><strong>Sprache \/ Langue(s) : <\/strong>Allemand<\/p>\n<p><strong>Mehr Informationen \/ Plus d&#8217;informations : <\/strong><a href=\"https:\/\/www.unibas.ch\/de\/Aktuell\/-Veranstaltungen\/Uni-Talk\/Uni-Talk0.html\"><strong>LINK<\/strong><\/a><\/p>\n<\/p><\/div><\/div><\/div><div class=\"panel panel-default\"><div class=\"panel-heading\"><a class=\"accordion-toggle collapsed\" data-parent=\"#accordion_69edbadb9f0ef\" data-toggle=\"collapse\" href=\"#group69edbadb9f681\">Novembre 2021 - A venir<\/a><\/div><div class=\"panel-collapse collapse\" id=\"group69edbadb9f681\"><div class=\"panel-body\"><p><\/p><\/div><\/div><\/div><div class=\"panel panel-default\"><div class=\"panel-heading\"><a class=\"accordion-toggle collapsed\" data-parent=\"#accordion_69edbadb9f0ef\" data-toggle=\"collapse\" href=\"#group69edbadb9f683\"><\/a><\/div><div class=\"panel-collapse collapse\" id=\"group69edbadb9f683\"><div class=\"panel-body\"><p><\/p><\/div><\/div><\/div><\/div><\/div><\/div><\/div><\/section>\n","protected":false},"excerpt":{"rendered":"Dialog Science : calendrier des manifestationsD\u00e9couvrez ci-apr\u00e8s la diversit\u00e9 des manifestations \u00e0 caract\u00e8re scientifique organis\u00e9es dans le Rhin sup\u00e9rieur pendant les semaines de la science, particuli\u00e8rement celles d\u00e9di\u00e9es au renforcement du dialogue entre science, soci\u00e9t\u00e9, \u00e9conomie. En raison de la pand\u00e9mie de la Covid-19, le format des manifestations peut \u00e9voluer, et les modalit\u00e9s de participation","protected":false},"author":2,"featured_media":0,"parent":0,"menu_order":0,"comment_status":"closed","ping_status":"closed","template":"","meta":{"ngg_post_thumbnail":0,"footnotes":""},"class_list":["post-11124","page","type-page","status-publish","hentry"],"aioseo_notices":[],"_links":{"self":[{"href":"https:\/\/science.rmtmo.eu\/en\/wp-json\/wp\/v2\/pages\/11124","targetHints":{"allow":["GET"]}}],"collection":[{"href":"https:\/\/science.rmtmo.eu\/en\/wp-json\/wp\/v2\/pages"}],"about":[{"href":"https:\/\/science.rmtmo.eu\/en\/wp-json\/wp\/v2\/types\/page"}],"author":[{"embeddable":true,"href":"https:\/\/science.rmtmo.eu\/en\/wp-json\/wp\/v2\/users\/2"}],"replies":[{"embeddable":true,"href":"https:\/\/science.rmtmo.eu\/en\/wp-json\/wp\/v2\/comments?post=11124"}],"version-history":[{"count":10,"href":"https:\/\/science.rmtmo.eu\/en\/wp-json\/wp\/v2\/pages\/11124\/revisions"}],"predecessor-version":[{"id":11126,"href":"https:\/\/science.rmtmo.eu\/en\/wp-json\/wp\/v2\/pages\/11124\/revisions\/11126"}],"wp:attachment":[{"href":"https:\/\/science.rmtmo.eu\/en\/wp-json\/wp\/v2\/media?parent=11124"}],"curies":[{"name":"wp","href":"https:\/\/api.w.org\/{rel}","templated":true}]}}