{"id":329,"date":"2016-09-12T00:21:27","date_gmt":"2016-09-11T22:21:27","guid":{"rendered":"https:\/\/science.rmtmo.eu\/de\/?page_id=329"},"modified":"2026-01-05T15:26:50","modified_gmt":"2026-01-05T14:26:50","slug":"willkommen","status":"publish","type":"page","link":"https:\/\/science.rmtmo.eu\/de\/","title":{"rendered":"Willkommen"},"content":{"rendered":"<section  class=\"section swatch-sciences-white section-nopadding \" ><div class=\"background-media\"><\/div><div class=\"background-overlay\" style=\"\"><\/div><div class=\"container\"><div class=\"row vertical-top\"><div class=\"col-md-12  text-default\" >[rev_slider_vc alias=&#8220;post-slider-fr-11&#8243;]<\/div><\/div><\/div><\/section><section  class=\"section swatch-sciences-white section-nopadding \" ><div class=\"background-media\"><\/div><div class=\"background-overlay\" style=\"\"><\/div><div class=\"container-fullwidth\"><div class=\"row vertical-top\"><div class=\"col-md-12  text-default\" ><\/div><\/div><\/div><\/section><section id=\"section-bloc\" class=\"section swatch-sciences-white section-normal \" ><div class=\"background-media\"><\/div><div class=\"background-overlay\" style=\"\"><\/div><div class=\"container\"><div class=\"row vertical-top\"><div class=\"col-md-4  text-default\" >[vc_raw_html el_class=&#8220;bloc&#8220;]JTNDYSUyMGhyZWYlM0QlMjJodHRwJTNBJTJGJTJGc2NpZW5jZS5ybXRtby5ldSUyRmRlJTJGZGllLXNhZXVsZS13aXNzZW5zY2hhZnQlMkYlMjIlM0UlM0NpbWclMjBjbGFzcyUzRCUyMmFsaWduY2VudGVyJTIwd3AtaW1hZ2UtMzA4JTIwc2l6ZS1mdWxsJTIyJTIwc3JjJTNEJTIyaHR0cCUzQSUyRiUyRnNjaWVuY2Uucm10bW8uZXUlMkZ3cC1jb250ZW50JTJGdXBsb2FkcyUyRjIwMTYlMkYwOCUyRnBpY3RvLXByZXNlbnRhdGlvbi5wbmclMjIlMjBhbHQlM0QlMjJwaWN0by1wcmVzZW50YXRpb24lMjIlMjB3aWR0aCUzRCUyMjYxJTIyJTIwaGVpZ2h0JTNEJTIyNjElMjIlMjAlMkYlM0UlMEElM0NiciUyRiUzRSUwQSUzQ2gyJTIwc3R5bGUlM0QlMjJ0ZXh0LWFsaWduJTNBJTIwY2VudGVyJTNCJTIyJTNFRElFJTIwUyVDMyU4NFVMRSUyMFdJU1NFTlNDSEFGVCUzQyUyRmgyJTNFJTNDJTJGYSUzRSUwQSUzQ3AlMjBzdHlsZSUzRCUyMnRleHQtYWxpZ24lM0ElMjBjZW50ZXIlM0IlMjIlM0VFcmZhaHJlbiUyMFNpZSUyMG1laHIlMjAlQzMlQkNiZXIlMjBkaWUlMjBTJUMzJUE0dWxlJTIwV2lzc2Vuc2NoYWZ0JTIwZGVyJTIwVHJpbmF0aW9uYWxlbiUyME1ldHJvcG9scmVnaW9uJTJDJTIwaWhyZSUyME1pdGdsaWVkZXIlMjB1bmQlMjBBa3Rpdml0JUMzJUE0dGVuLiUzQyUyRnAlM0UlMEElM0NwJTIwc3R5bGUlM0QlMjJ0ZXh0LWFsaWduJTNBJTIwY2VudGVyJTNCJTIyJTNFJTNDYSUyMGhyZWYlM0QlMjJodHRwJTNBJTJGJTJGc2NpZW5jZS5ybXRtby5ldSUyRmRlJTJGZGllLXNhZXVsZS13aXNzZW5zY2hhZnQlMkYlMjIlMjBjbGFzcyUzRCUyMmZhJTIwZmEtcGx1cy1jaXJjbGUlMjIlM0UlM0MlMkZhJTNFJTNDJTJGcCUzRQ==[\/vc_raw_html]<\/div><div class=\"col-md-4  text-default\" >[vc_raw_html el_class=&#8220;bloc&#8220;]JTNDYSUyMGhyZWYlM0QlMjJodHRwJTNBJTJGJTJGc2NpZW5jZS5ybXRtby5ldSUyRmRlJTJGd2lzc2Vuc2NoYWZ0c29mZmVuc2l2ZSUyRiUyMiUzRSUzQ2ltZyUyMGNsYXNzJTNEJTIyYWxpZ25jZW50ZXIlMjB3cC1pbWFnZS0zMDglMjBzaXplLWZ1bGwlMjIlMjBzcmMlM0QlMjJodHRwJTNBJTJGJTJGc2NpZW5jZS5ybXRtby5ldSUyRndwLWNvbnRlbnQlMkZ1cGxvYWRzJTJGMjAxNiUyRjA4JTJGcGljdG8tYXBwZWwucG5nJTIyJTIwYWx0JTNEJTIycGljdG8tcHJlc2VudGF0aW9uJTIyJTIwd2lkdGglM0QlMjI2MSUyMiUyMGhlaWdodCUzRCUyMjYxJTIyJTIwJTJGJTNFJTBBJTNDYnIlM0UlMEElM0NoMiUyMHN0eWxlJTNEJTIydGV4dC1hbGlnbiUzQSUyMGNlbnRlciUzQiUyMiUzRVdJU1NFTlNDSEFGVFMlMjBPRkZFTlNJVkUlM0MlMkZoMiUzRSUzQyUyRmElM0UlMEElM0NwJTIwc3R5bGUlM0QlMjJ0ZXh0LWFsaWduJTNBJTIwY2VudGVyJTNCJTIyJTNFRGFzJTIwZWluemlnYXJ0aWdlJTIwRiVDMyVCNnJkZXJpbnN0cnVtZW50JTJDJTIwenVyJTIwVW50ZXJzdCVDMyVCQ3R6dW5nJTIwdm9uJTIwZXh6ZWxsZW50ZW4lMjBncmVueiVDMyVCQ2JlcnNjaHJlaXRlbmRlbiUyMEZvcnNjaHVuZ3Nwcm9qZWt0ZW4uJTNDJTJGcCUzRSUwQSUzQ3AlMjBzdHlsZSUzRCUyMnRleHQtYWxpZ24lM0ElMjBjZW50ZXIlM0IlMjIlM0UlM0NhJTIwaHJlZiUzRCUyMmh0dHAlM0ElMkYlMkZzY2llbmNlLnJtdG1vLmV1JTJGZGUlMkZ3aXNzZW5zY2hhZnRzb2ZmZW5zaXZlJTJGJTIyJTIwY2xhc3MlM0QlMjJmYSUyMGZhLXBsdXMtY2lyY2xlJTIyJTNFJTNDJTJGYSUzRSUzQyUyRnAlM0U=[\/vc_raw_html]<\/div><div class=\"col-md-4  text-default\" >[vc_raw_html el_class=&#8220;bloc&#8220;]JTNDYSUyMGhyZWYlM0QlMjJodHRwJTNBJTJGJTJGc2NpZW5jZS5ybXRtby5ldSUyRmRlJTJGa2FydG9ncmFwaGllJTJGJTIyJTNFJTNDaW1nJTIwY2xhc3MlM0QlMjJhbGlnbmNlbnRlciUyMHdwLWltYWdlLTMwOCUyMHNpemUtZnVsbCUyMiUyMHNyYyUzRCUyMmh0dHAlM0ElMkYlMkZzY2llbmNlLnJtdG1vLmV1JTJGd3AtY29udGVudCUyRnVwbG9hZHMlMkYyMDE2JTJGMDglMkZwaWN0by1jYXJ0b2dyYXBoaWUucG5nJTIyJTIwYWx0JTNEJTIycGljdG8tY2FydG9ncmFwaGllJTIyJTIwd2lkdGglM0QlMjI2MSUyMiUyMGhlaWdodCUzRCUyMjYxJTIyJTIwJTJGJTNFJTBBJTNDYnIlMkYlM0UlMEElM0NoMiUyMHN0eWxlJTNEJTIydGV4dC1hbGlnbiUzQSUyMGNlbnRlciUzQiUyMiUzRVdJU1NFTlNDSEFGVFMlMjBLQVJUT0dSQVBISUUlM0MlMkZoMiUzRSUzQyUyRmElM0UlMEElM0NwJTIwc3R5bGUlM0QlMjJ0ZXh0LWFsaWduJTNBJTIwY2VudGVyJTNCJTIyJTNFRGllJTIwd2ljaHRpZ3N0ZW4lMjBBa3RldXJlJTIwZGVyJTIwUyVDMyVBNHVsZSUyMFdpc3NlbnNjaGFmdCUyMGRlciUyMFRyaW5hdGlvbmFsZW4lMjBNZXRyb3BvbHJlZ2lvbiUyME9iZXJyaGVpbiUyMGF1ZiUyMGVpbmVuJTIwQmxpY2suJTBBJTNDJTJGcCUzRSUwQSUzQ3AlMjBzdHlsZSUzRCUyMnRleHQtYWxpZ24lM0ElMjBjZW50ZXIlM0IlMjIlM0UlM0NhJTIwaHJlZiUzRCUyMmh0dHAlM0ElMkYlMkZzY2llbmNlLnJtdG1vLmV1JTJGZGUlMkZrYXJ0b2dyYXBoaWUlMkYlMjIlMjBjbGFzcyUzRCUyMmZhJTIwZmEtcGx1cy1jaXJjbGUlMjIlM0UlM0MlMkZhJTNFJTNDJTJGcCUzRQ==[\/vc_raw_html]<\/div><\/div><\/div><\/section><section  class=\"section swatch-white-red section-normal \" ><div class=\"background-media\"><\/div><div class=\"background-overlay\" style=\"\"><\/div><div class=\"container\"><div class=\"row vertical-top\"><div class=\"col-md-12  text-default\" ><div class=\"row\">\n    <ul class=\"list-unstyled list-container\">        <li class=\"post-item col-md-4\">\n            <div class=\"grid-post swatch-sciences-white\">\n<article id=\"post-16568\" class=\"post-showinfo  post-16568 post type-post status-publish format-standard has-post-thumbnail hentry category-neues category-slider-de\">\n    <div class=\"post-media overlay\">\n        <a href=\"https:\/\/science.rmtmo.eu\/de\/neues\/vier-projekte-bringen-wissenschaft-und-gesellschaft-am-oberrhein-naeher-zusammen\/\" class=\"feature-image hover-animate\"><img decoding=\"async\" src=\"https:\/\/science.rmtmo.eu\/wp-content\/uploads\/2026\/08\/AdobeStock_831105983_Bos-Amico_Klein.jpg\" alt=\"AdobeStock_831105983_Bos-Amico_Klein.jpg\"><i class=\"fa fa-link\"><\/i><\/a>    <\/div>\n    <div class=\"post-head small-screen-center\">\n        <h2 class=\"post-title entry-title\">\n            <a href=\"https:\/\/science.rmtmo.eu\/de\/neues\/vier-projekte-bringen-wissenschaft-und-gesellschaft-am-oberrhein-naeher-zusammen\/\" title=\"Permalink f\u00fcr Vier Projekte bringen Wissenschaft und Gesellschaft am Oberrhein n\u00e4her zusammen\" rel=\"bookmark\">\n                Vier Projekte bringen Wissenschaft und Gesellschaft am Oberrhein n\u00e4her zusammen            <\/a>\n        <\/h2>\n        <small class=\"post-author\">\n            <a href=\"https:\/\/science.rmtmo.eu\/de\/\">\n                Julia Schoppe            <\/a>\n        <\/small>\n        <small class=\"post-date\">\n            27 August 2026        <\/small>        <div class=\"post-icon\">\n            <div class=\"hex hex-big\">\n                <i class=\"fa fa-file-text\"><\/i>            <\/div>\n        <\/div>    <\/div>\n    <div class=\"post-body entry-content\">\n                <p><strong>Der Fonds \u201eWissen schafft Gesellschaft am Oberrhein\u201c nimmt noch bis M\u00e4rz 2027 Projektantr\u00e4ge entgegen.<\/strong><\/p>\n<p>Wie kann Wissenschaft verst\u00e4ndlicher werden? Wie lassen sich B\u00fcrgerinnen und B\u00fcrger noch mehr f\u00fcr aktuelle Forschung begeistern? Und wie kann der Dialog zwischen Wissenschaft und Gesellschaft weiter ausgebaut werden? Diesen Fragen widmet sich der Fonds <strong>\u201eWissen schafft Gesellschaft am Oberrhein\u201c<\/strong>, getragen von der S\u00e4ule Wissenschaft der Trinationalen Metropolregion Oberrhein (TMO), kofinanziert von der Europ\u00e4ischen Union im Rahmen des Interreg-Programms Oberrhein und unterst\u00fctzt von den vier Eurodistrikten am Oberrhein sowie der Regio Basiliensis. Der Projektaufruf richtet sich weiterhin an Hochschulen, Forschungseinrichtungen, Vereine, \u00f6ffentliche Einrichtungen sowie Akteurinnen und Akteure der Wissenschaftskommunikation. Gef\u00f6rdert werden grenz\u00fcberschreitende Projekte, die Wissenschaft sichtbar, verst\u00e4ndlich und f\u00fcr die Gesellschaft erlebbar machen.<\/p>\n<a href=\"https:\/\/science.rmtmo.eu\/de\/neues\/vier-projekte-bringen-wissenschaft-und-gesellschaft-am-oberrhein-naeher-zusammen\/\" class=\"more-link\"><span class=\"fa fa-plus-circle\"><\/span><\/a>    <\/div>\n    <div class=\"post-extras bordered text-center\">\n            <div class=\"text-center\">\n            <span class=\"post-category\">\n                                <i class=\"fa fa-folder-open\"><\/i>\n                <a href=\"https:\/\/science.rmtmo.eu\/de\/category\/neues\/\" rel=\"tag\">Neues<\/a>, <a href=\"https:\/\/science.rmtmo.eu\/de\/category\/slider-de\/\" rel=\"tag\">Slider<\/a>                            <\/span>\n            <span class=\"post-tags\">\n                            <\/span>\n            <span class=\"post-link\">\n                            <\/span>\n        <\/div>\n    <\/div>\n<span class=\"hide\"><span class=\"entry-title\">Vier Projekte bringen Wissenschaft und Gesellschaft am Oberrhein n\u00e4her zusammen<\/span><time class=\"entry-date updated\" datetime=\"2026-08-27T15:55:56+02:00\">08.27.2026<\/time><\/span><\/article>\n            <\/div>\n        <\/li>        <li class=\"post-item col-md-4\">\n            <div class=\"grid-post swatch-sciences-white\">\n<article id=\"post-16555\" class=\"post-showinfo  post-16555 post type-post status-publish format-standard has-post-thumbnail hentry category-neues\">\n    <div class=\"post-media overlay\">\n        <a href=\"https:\/\/science.rmtmo.eu\/de\/neues\/26-11-2026-huninge-11-klima-und-energie-kongress-der-oberrheinkonferenz-kohlenstoff-kreislaeufe-im-wandel\/\" class=\"feature-image hover-animate\"><img decoding=\"async\" src=\"https:\/\/science.rmtmo.eu\/wp-content\/uploads\/2023\/07\/trion.png\" alt=\"trion.png\"><i class=\"fa fa-link\"><\/i><\/a>    <\/div>\n    <div class=\"post-head small-screen-center\">\n        <h2 class=\"post-title entry-title\">\n            <a href=\"https:\/\/science.rmtmo.eu\/de\/neues\/26-11-2026-huninge-11-klima-und-energie-kongress-der-oberrheinkonferenz-kohlenstoff-kreislaeufe-im-wandel\/\" title=\"Permalink f\u00fcr 26.11.2026, Huninge, 11. Klima- und Energie-Kongress der Oberrheinkonferenz: Kohlenstoff-Kreisl\u00e4ufe im Wandel\" rel=\"bookmark\">\n                26.11.2026, Huninge, 11. Klima- und Energie-Kongress der Oberrheinkonferenz: Kohlenstoff-Kreisl\u00e4ufe im Wandel            <\/a>\n        <\/h2>\n        <small class=\"post-author\">\n            <a href=\"https:\/\/science.rmtmo.eu\/de\/\">\n                Julia Schoppe            <\/a>\n        <\/small>\n        <small class=\"post-date\">\n            27 August 2026        <\/small>        <div class=\"post-icon\">\n            <div class=\"hex hex-big\">\n                <i class=\"fa fa-file-text\"><\/i>            <\/div>\n        <\/div>    <\/div>\n    <div class=\"post-body entry-content\">\n                <p>Der grenz\u00fcberschreitende Verein Trion Climate e.V. vereint Akteure aus den Bereichen Klima und Energie am Oberrhein. Sein Ziel ist die F\u00f6rderung des Umweltschutzes durch die Schaffung grenz\u00fcberschreitender Synergien in der Trinationalen Metropolregion Oberrhein. Am kommenden 26. November veranstaltet der Verein den 11. Kongress der Oberrheinkonferenz, dessen thematischer Schwerpunkt in diesem Jahr auf innovativen L\u00f6sungen zur Abscheidung, Wiederverwertung und Speicherung von Kohlenstoff liegt.<\/p>\n<a href=\"https:\/\/science.rmtmo.eu\/de\/neues\/26-11-2026-huninge-11-klima-und-energie-kongress-der-oberrheinkonferenz-kohlenstoff-kreislaeufe-im-wandel\/\" class=\"more-link\"><span class=\"fa fa-plus-circle\"><\/span><\/a>    <\/div>\n    <div class=\"post-extras bordered text-center\">\n            <div class=\"text-center\">\n            <span class=\"post-category\">\n                                <i class=\"fa fa-folder-open\"><\/i>\n                <a href=\"https:\/\/science.rmtmo.eu\/de\/category\/neues\/\" rel=\"tag\">Neues<\/a>                            <\/span>\n            <span class=\"post-tags\">\n                            <\/span>\n            <span class=\"post-link\">\n                            <\/span>\n        <\/div>\n    <\/div>\n<span class=\"hide\"><span class=\"entry-title\">26.11.2026, Huninge, 11. Klima- und Energie-Kongress der Oberrheinkonferenz: Kohlenstoff-Kreisl\u00e4ufe im Wandel<\/span><time class=\"entry-date updated\" datetime=\"2026-08-27T10:19:58+02:00\">08.27.2026<\/time><\/span><\/article>\n            <\/div>\n        <\/li>        <li class=\"post-item col-md-4\">\n            <div class=\"grid-post swatch-sciences-white\">\n<article id=\"post-16544\" class=\"post-showinfo  post-16544 post type-post status-publish format-standard has-post-thumbnail hentry category-neues\">\n    <div class=\"post-media overlay\">\n        <a href=\"https:\/\/science.rmtmo.eu\/de\/neues\/rheinland-pfalz-das-land-staerkt-ki-forschung-in-kaiserslautern\/\" class=\"feature-image hover-animate\"><img decoding=\"async\" src=\"https:\/\/science.rmtmo.eu\/wp-content\/uploads\/2023\/12\/golubovy\u00a9123rf_klein.jpg\" alt=\"golubovy\u00a9123rf_klein.jpg\"><i class=\"fa fa-link\"><\/i><\/a>    <\/div>\n    <div class=\"post-head small-screen-center\">\n        <h2 class=\"post-title entry-title\">\n            <a href=\"https:\/\/science.rmtmo.eu\/de\/neues\/rheinland-pfalz-das-land-staerkt-ki-forschung-in-kaiserslautern\/\" title=\"Permalink f\u00fcr Rheinland-Pfalz: das Land st\u00e4rkt KI-Forschung in Kaiserslautern\" rel=\"bookmark\">\n                Rheinland-Pfalz: das Land st\u00e4rkt KI-Forschung in Kaiserslautern            <\/a>\n        <\/h2>\n        <small class=\"post-author\">\n            <a href=\"https:\/\/science.rmtmo.eu\/de\/\">\n                Julia Schoppe            <\/a>\n        <\/small>\n        <small class=\"post-date\">\n            26 August 2026        <\/small>        <div class=\"post-icon\">\n            <div class=\"hex hex-big\">\n                <i class=\"fa fa-file-text\"><\/i>            <\/div>\n        <\/div>    <\/div>\n    <div class=\"post-body entry-content\">\n                <p>Im Rahmen seiner Entdeckertour durch Rheinland-Pfalz hat Wirtschaftsminister Michael Ebling gemeinsam mit Wissenschaftsminister Clemens Hoch das Deutsche Forschungszentrum f\u00fcr K\u00fcnstliche Intelligenz (DFKI), das Fraunhofer-Institut f\u00fcr Experimentelles Software Engineering IESE sowie das Fraunhofer-Institut f\u00fcr Techno- und Wirtschaftsmathematik ITWM in Kaiserslautern besucht. Die Einrichtungen geh\u00f6ren zu den zentralen Akteuren des rheinland-pf\u00e4lzischen KI-\u00d6kosystems und stehen beispielhaft f\u00fcr die enge Verzahnung von Spitzenforschung, Technologietransfer und wirtschaftlicher Anwendung.<\/p>\n<a href=\"https:\/\/science.rmtmo.eu\/de\/neues\/rheinland-pfalz-das-land-staerkt-ki-forschung-in-kaiserslautern\/\" class=\"more-link\"><span class=\"fa fa-plus-circle\"><\/span><\/a>    <\/div>\n    <div class=\"post-extras bordered text-center\">\n            <div class=\"text-center\">\n            <span class=\"post-category\">\n                                <i class=\"fa fa-folder-open\"><\/i>\n                <a href=\"https:\/\/science.rmtmo.eu\/de\/category\/neues\/\" rel=\"tag\">Neues<\/a>                            <\/span>\n            <span class=\"post-tags\">\n                            <\/span>\n            <span class=\"post-link\">\n                            <\/span>\n        <\/div>\n    <\/div>\n<span class=\"hide\"><span class=\"entry-title\">Rheinland-Pfalz: das Land st\u00e4rkt KI-Forschung in Kaiserslautern<\/span><time class=\"entry-date updated\" datetime=\"2026-08-26T16:00:04+02:00\">08.26.2026<\/time><\/span><\/article>\n            <\/div>\n        <\/li>        <li class=\"post-item col-md-4\">\n            <div class=\"grid-post swatch-sciences-white\">\n<article id=\"post-16541\" class=\"post-showinfo  post-16541 post type-post status-publish format-standard has-post-thumbnail hentry category-neues\">\n    <div class=\"post-media overlay\">\n        <a href=\"https:\/\/science.rmtmo.eu\/de\/neues\/neuer-grenzueberschreitender-eucor-lehrstuhl-am-oberrhein-zum-thema-verfassungsrecht\/\" class=\"feature-image hover-animate\"><img decoding=\"async\" src=\"https:\/\/science.rmtmo.eu\/wp-content\/uploads\/2020\/10\/eucor-unit.png\" alt=\"eucor-unit.png\"><i class=\"fa fa-link\"><\/i><\/a>    <\/div>\n    <div class=\"post-head small-screen-center\">\n        <h2 class=\"post-title entry-title\">\n            <a href=\"https:\/\/science.rmtmo.eu\/de\/neues\/neuer-grenzueberschreitender-eucor-lehrstuhl-am-oberrhein-zum-thema-verfassungsrecht\/\" title=\"Permalink f\u00fcr Neuer grenz\u00fcberschreitender Eucor-Lehrstuhl am Oberrhein zum Thema Verfassungsrecht  \u00a0\" rel=\"bookmark\">\n                Neuer grenz\u00fcberschreitender Eucor-Lehrstuhl am Oberrhein zum Thema Verfassungsrecht  \u00a0            <\/a>\n        <\/h2>\n        <small class=\"post-author\">\n            <a href=\"https:\/\/science.rmtmo.eu\/de\/\">\n                Julia Schoppe            <\/a>\n        <\/small>\n        <small class=\"post-date\">\n            26 August 2026        <\/small>        <div class=\"post-icon\">\n            <div class=\"hex hex-big\">\n                <i class=\"fa fa-file-text\"><\/i>            <\/div>\n        <\/div>    <\/div>\n    <div class=\"post-body entry-content\">\n                <p>Fabian Michl bekleidet nun einen der vier grenz\u00fcberschreitenden Lehrst\u00fchle, die derzeit im Rahmen des europ\u00e4ischen Hochschulverbunds \u201eEucor \u2013 The European Campus\u201c bestehen und gr\u00f6\u00dftenteils vom Ministerium f\u00fcr Wissenschaft, Forschung und Kunst Baden-W\u00fcrttembergs (MWK) finanziert werden. Neben den drei bereits am Karlsruher Institut f\u00fcr Technologie (KIT) eingerichteten grenz\u00fcberschreitenden Eucor-Lehrst\u00fchlen ist Fabian Michl der erste grenz\u00fcberschreitende Professor, der in Freiburg im Breisgau t\u00e4tig ist.<\/p>\n<a href=\"https:\/\/science.rmtmo.eu\/de\/neues\/neuer-grenzueberschreitender-eucor-lehrstuhl-am-oberrhein-zum-thema-verfassungsrecht\/\" class=\"more-link\"><span class=\"fa fa-plus-circle\"><\/span><\/a>    <\/div>\n    <div class=\"post-extras bordered text-center\">\n            <div class=\"text-center\">\n            <span class=\"post-category\">\n                                <i class=\"fa fa-folder-open\"><\/i>\n                <a href=\"https:\/\/science.rmtmo.eu\/de\/category\/neues\/\" rel=\"tag\">Neues<\/a>                            <\/span>\n            <span class=\"post-tags\">\n                            <\/span>\n            <span class=\"post-link\">\n                            <\/span>\n        <\/div>\n    <\/div>\n<span class=\"hide\"><span class=\"entry-title\">Neuer grenz\u00fcberschreitender Eucor-Lehrstuhl am Oberrhein zum Thema Verfassungsrecht  \u00a0<\/span><time class=\"entry-date updated\" datetime=\"2026-08-26T15:09:55+02:00\">08.26.2026<\/time><\/span><\/article>\n            <\/div>\n        <\/li>        <li class=\"post-item col-md-4\">\n            <div class=\"grid-post swatch-sciences-white\">\n<article id=\"post-16535\" class=\"post-showinfo  post-16535 post type-post status-publish format-standard has-post-thumbnail hentry category-neues\">\n    <div class=\"post-media overlay\">\n        <a href=\"https:\/\/science.rmtmo.eu\/de\/neues\/das-grenzueberschreitende-projekt-der-wissenschaftsoffensive-imara-war-auf-der-vivatech-in-paris-vertreten\/\" class=\"feature-image hover-animate\"><img decoding=\"async\" src=\"https:\/\/science.rmtmo.eu\/wp-content\/uploads\/2023\/07\/ismagilov\u00a9123rf_klein.jpg\" alt=\"ismagilov\u00a9123rf_klein.jpg\"><i class=\"fa fa-link\"><\/i><\/a>    <\/div>\n    <div class=\"post-head small-screen-center\">\n        <h2 class=\"post-title entry-title\">\n            <a href=\"https:\/\/science.rmtmo.eu\/de\/neues\/das-grenzueberschreitende-projekt-der-wissenschaftsoffensive-imara-war-auf-der-vivatech-in-paris-vertreten\/\" title=\"Permalink f\u00fcr Das grenz\u00fcberschreitende Projekt  der Wissenschaftsoffensive IMARA war auf der VivaTech in Paris vertreten!\" rel=\"bookmark\">\n                Das grenz\u00fcberschreitende Projekt  der Wissenschaftsoffensive IMARA war auf der VivaTech in Paris vertreten!            <\/a>\n        <\/h2>\n        <small class=\"post-author\">\n            <a href=\"https:\/\/science.rmtmo.eu\/de\/\">\n                Julia Schoppe            <\/a>\n        <\/small>\n        <small class=\"post-date\">\n            26 August 2026        <\/small>        <div class=\"post-icon\">\n            <div class=\"hex hex-big\">\n                <i class=\"fa fa-file-text\"><\/i>            <\/div>\n        <\/div>    <\/div>\n    <div class=\"post-body entry-content\">\n                <p>Die Viva Technology feierte in diesem Jahr ihr 10-j\u00e4hriges Bestehen und etablierte sich einmal mehr als Europas gr\u00f6\u00dfte Messe f\u00fcr Technologie und Start-ups. In diesem besonderen Jubil\u00e4umsjahr stand Deutschland als offizielles Partnerland (\u201eCountry of the Year\u201c) im Mittelpunkt. Grenz\u00fcberschreitende Projekte und Initiativen aus dem Oberrheingebiet, die naturgem\u00e4\u00df deutsch-franz\u00f6sischer Natur sind, hatten das Gl\u00fcck, zur Teilnahme eingeladen zu werden, und konnten ihre Arbeiten einem Fachpublikum aus aller Welt vorstellen!<\/p>\n<a href=\"https:\/\/science.rmtmo.eu\/de\/neues\/das-grenzueberschreitende-projekt-der-wissenschaftsoffensive-imara-war-auf-der-vivatech-in-paris-vertreten\/\" class=\"more-link\"><span class=\"fa fa-plus-circle\"><\/span><\/a>    <\/div>\n    <div class=\"post-extras bordered text-center\">\n            <div class=\"text-center\">\n            <span class=\"post-category\">\n                                <i class=\"fa fa-folder-open\"><\/i>\n                <a href=\"https:\/\/science.rmtmo.eu\/de\/category\/neues\/\" rel=\"tag\">Neues<\/a>                            <\/span>\n            <span class=\"post-tags\">\n                            <\/span>\n            <span class=\"post-link\">\n                            <\/span>\n        <\/div>\n    <\/div>\n<span class=\"hide\"><span class=\"entry-title\">Das grenz\u00fcberschreitende Projekt  der Wissenschaftsoffensive IMARA war auf der VivaTech in Paris vertreten!<\/span><time class=\"entry-date updated\" datetime=\"2026-08-26T14:29:45+02:00\">08.26.2026<\/time><\/span><\/article>\n            <\/div>\n        <\/li>        <li class=\"post-item col-md-4\">\n            <div class=\"grid-post swatch-sciences-white\">\n<article id=\"post-16524\" class=\"post-showinfo  post-16524 post type-post status-publish format-standard has-post-thumbnail hentry category-neues\">\n    <div class=\"post-media overlay\">\n        <a href=\"https:\/\/science.rmtmo.eu\/de\/neues\/conseil-des-ministres-franco-allemand-nouveau-plan-daction-en-matiere-de-recherche-et-dinnovation-entre-les-deux-pays\/\" class=\"feature-image hover-animate\"><img decoding=\"async\" src=\"https:\/\/science.rmtmo.eu\/wp-content\/uploads\/2025\/09\/Kein-Titel-1920-x-1920-px.png\" alt=\"Kein-Titel-1920-x-1920-px.png\"><i class=\"fa fa-link\"><\/i><\/a>    <\/div>\n    <div class=\"post-head small-screen-center\">\n        <h2 class=\"post-title entry-title\">\n            <a href=\"https:\/\/science.rmtmo.eu\/de\/neues\/conseil-des-ministres-franco-allemand-nouveau-plan-daction-en-matiere-de-recherche-et-dinnovation-entre-les-deux-pays\/\" title=\"Permalink f\u00fcr Deutsch-franz\u00f6sischer Ministerrat: Neuer Aktionsplan f\u00fcr Forschung und Innovation zwischen beiden L\u00e4ndern\" rel=\"bookmark\">\n                Deutsch-franz\u00f6sischer Ministerrat: Neuer Aktionsplan f\u00fcr Forschung und Innovation zwischen beiden L\u00e4ndern            <\/a>\n        <\/h2>\n        <small class=\"post-author\">\n            <a href=\"https:\/\/science.rmtmo.eu\/de\/\">\n                Julia Schoppe            <\/a>\n        <\/small>\n        <small class=\"post-date\">\n            26 August 2026        <\/small>        <div class=\"post-icon\">\n            <div class=\"hex hex-big\">\n                <i class=\"fa fa-file-text\"><\/i>            <\/div>\n        <\/div>    <\/div>\n    <div class=\"post-body entry-content\">\n                <p>Am 16. Juli dieses Jahres unterzeichneten die f\u00fcr Forschung und Innovation zust\u00e4ndigen Minister Frankreichs und Deutschlands in Br\u00fchl (Deutschland) einen umfassenden gemeinsamen Aktionsplan f\u00fcr Forschung. Dieser Plan zieht Bilanz \u00fcber die Ma\u00dfnahmen, die im Rahmen des deutsch-franz\u00f6sischen Forschungsfahrplans seit dem letzten Ministerrat im Jahr 2025 bereits umgesetzt wurden. Vor allem aber legt der nun ausgearbeitete Aktionsplan Priorit\u00e4ten f\u00fcr neue Ma\u00dfnahmen im Rahmen der k\u00fcnftigen Zusammenarbeit beider L\u00e4nder in den Bereichen k\u00fcnstliche Intelligenz (KI) sowie Fusions- und Batterieforschung fest. Auch Quantentechnologien und bahnbrechende Innovationen spielen in diesem Aktionsplan eine wichtige Rolle.<\/p>\n<a href=\"https:\/\/science.rmtmo.eu\/de\/neues\/conseil-des-ministres-franco-allemand-nouveau-plan-daction-en-matiere-de-recherche-et-dinnovation-entre-les-deux-pays\/\" class=\"more-link\"><span class=\"fa fa-plus-circle\"><\/span><\/a>    <\/div>\n    <div class=\"post-extras bordered text-center\">\n            <div class=\"text-center\">\n            <span class=\"post-category\">\n                                <i class=\"fa fa-folder-open\"><\/i>\n                <a href=\"https:\/\/science.rmtmo.eu\/de\/category\/neues\/\" rel=\"tag\">Neues<\/a>                            <\/span>\n            <span class=\"post-tags\">\n                            <\/span>\n            <span class=\"post-link\">\n                            <\/span>\n        <\/div>\n    <\/div>\n<span class=\"hide\"><span class=\"entry-title\">Deutsch-franz\u00f6sischer Ministerrat: Neuer Aktionsplan f\u00fcr Forschung und Innovation zwischen beiden L\u00e4ndern<\/span><time class=\"entry-date updated\" datetime=\"2026-08-26T14:13:23+02:00\">08.26.2026<\/time><\/span><\/article>\n            <\/div>\n        <\/li>        <li class=\"post-item col-md-4\">\n            <div class=\"grid-post swatch-sciences-white\">\n<article id=\"post-16520\" class=\"post-showinfo  post-16520 post type-post status-publish format-standard has-post-thumbnail hentry category-neues\">\n    <div class=\"post-media overlay\">\n        <a href=\"https:\/\/science.rmtmo.eu\/de\/neues\/baden-wuerttemberg-kit-wird-forschungshub-fuer-fusionstechnologie\/\" class=\"feature-image hover-animate\"><img decoding=\"async\" src=\"https:\/\/science.rmtmo.eu\/wp-content\/uploads\/2026\/08\/Kateryna-Kon\u00a9123rf_Klein_Web.jpg\" alt=\"Kateryna-Kon\u00a9123rf_Klein_Web.jpg\"><i class=\"fa fa-link\"><\/i><\/a>    <\/div>\n    <div class=\"post-head small-screen-center\">\n        <h2 class=\"post-title entry-title\">\n            <a href=\"https:\/\/science.rmtmo.eu\/de\/neues\/baden-wuerttemberg-kit-wird-forschungshub-fuer-fusionstechnologie\/\" title=\"Permalink f\u00fcr Baden W\u00fcrttemberg: KIT wird Forschungshub f\u00fcr Fusionstechnologie\" rel=\"bookmark\">\n                Baden W\u00fcrttemberg: KIT wird Forschungshub f\u00fcr Fusionstechnologie            <\/a>\n        <\/h2>\n        <small class=\"post-author\">\n            <a href=\"https:\/\/science.rmtmo.eu\/de\/\">\n                Julia Schoppe            <\/a>\n        <\/small>\n        <small class=\"post-date\">\n            26 August 2026        <\/small>        <div class=\"post-icon\">\n            <div class=\"hex hex-big\">\n                <i class=\"fa fa-file-text\"><\/i>            <\/div>\n        <\/div>    <\/div>\n    <div class=\"post-body entry-content\">\n                <p>F\u00fcr den langfristig geplanten Bau eines Fusionsreaktors in Deutschland richtet die Bundesregierung drei Forschungshubs ein. Eine zentrale Rolle \u00fcbernimmt dabei das Karlsruher Institut f\u00fcr Technologie (KIT).<\/p>\n<a href=\"https:\/\/science.rmtmo.eu\/de\/neues\/baden-wuerttemberg-kit-wird-forschungshub-fuer-fusionstechnologie\/\" class=\"more-link\"><span class=\"fa fa-plus-circle\"><\/span><\/a>    <\/div>\n    <div class=\"post-extras bordered text-center\">\n            <div class=\"text-center\">\n            <span class=\"post-category\">\n                                <i class=\"fa fa-folder-open\"><\/i>\n                <a href=\"https:\/\/science.rmtmo.eu\/de\/category\/neues\/\" rel=\"tag\">Neues<\/a>                            <\/span>\n            <span class=\"post-tags\">\n                            <\/span>\n            <span class=\"post-link\">\n                            <\/span>\n        <\/div>\n    <\/div>\n<span class=\"hide\"><span class=\"entry-title\">Baden W\u00fcrttemberg: KIT wird Forschungshub f\u00fcr Fusionstechnologie<\/span><time class=\"entry-date updated\" datetime=\"2026-08-26T12:12:18+02:00\">08.26.2026<\/time><\/span><\/article>\n            <\/div>\n        <\/li>        <li class=\"post-item col-md-4\">\n            <div class=\"grid-post swatch-sciences-white\">\n<article id=\"post-16512\" class=\"post-showinfo  post-16512 post type-post status-publish format-standard has-post-thumbnail hentry category-neues category-slider-de\">\n    <div class=\"post-media overlay\">\n        <a href=\"https:\/\/science.rmtmo.eu\/de\/neues\/13-10-2026-strassburg-lab-visit-upper-rhine-entdeckung-von-innovationsmoeglichkeiten-fuer-unternehmen-aus-den-bereichen-biotechnologie-pharmaindustrie-und-gesundheitswesen\/\" class=\"feature-image hover-animate\"><img decoding=\"async\" src=\"https:\/\/science.rmtmo.eu\/wp-content\/uploads\/2026\/08\/Pop-Nukoonrat\u00a9123rf_klein.jpg\" alt=\"Pop-Nukoonrat\u00a9123rf_klein.jpg\"><i class=\"fa fa-link\"><\/i><\/a>    <\/div>\n    <div class=\"post-head small-screen-center\">\n        <h2 class=\"post-title entry-title\">\n            <a href=\"https:\/\/science.rmtmo.eu\/de\/neues\/13-10-2026-strassburg-lab-visit-upper-rhine-entdeckung-von-innovationsmoeglichkeiten-fuer-unternehmen-aus-den-bereichen-biotechnologie-pharmaindustrie-und-gesundheitswesen\/\" title=\"Permalink f\u00fcr 13.10.2026, Stra\u00dfburg, Lab Visit Upper-Rhine, Entdeckung von Innovationsm\u00f6glichkeiten f\u00fcr Unternehmen aus den Bereichen Biotechnologie, Pharmaindustrie und Gesundheitswesen  \u00a0\" rel=\"bookmark\">\n                13.10.2026, Stra\u00dfburg, Lab Visit Upper-Rhine, Entdeckung von Innovationsm\u00f6glichkeiten f\u00fcr Unternehmen aus den Bereichen Biotechnologie, Pharmaindustrie und Gesundheitswesen  \u00a0            <\/a>\n        <\/h2>\n        <small class=\"post-author\">\n            <a href=\"https:\/\/science.rmtmo.eu\/de\/\">\n                Julia Schoppe            <\/a>\n        <\/small>\n        <small class=\"post-date\">\n            26 August 2026        <\/small>        <div class=\"post-icon\">\n            <div class=\"hex hex-big\">\n                <i class=\"fa fa-file-text\"><\/i>            <\/div>\n        <\/div>    <\/div>\n    <div class=\"post-body entry-content\">\n                <p>Die Universit\u00e4t Stra\u00dfburg, eine Volluniversit\u00e4t auf der els\u00e4ssischen Seite der Region Grand Est, \u00f6ffnet am 13. Oktober 2026 ihre T\u00fcren f\u00fcr Unternehmen aus der Oberrheinregion zu einer F\u00fchrung durch drei hochmoderne Technologieplattformen auf ihrem Campus in Illkirch.<\/p>\n<a href=\"https:\/\/science.rmtmo.eu\/de\/neues\/13-10-2026-strassburg-lab-visit-upper-rhine-entdeckung-von-innovationsmoeglichkeiten-fuer-unternehmen-aus-den-bereichen-biotechnologie-pharmaindustrie-und-gesundheitswesen\/\" class=\"more-link\"><span class=\"fa fa-plus-circle\"><\/span><\/a>    <\/div>\n    <div class=\"post-extras bordered text-center\">\n            <div class=\"text-center\">\n            <span class=\"post-category\">\n                                <i class=\"fa fa-folder-open\"><\/i>\n                <a href=\"https:\/\/science.rmtmo.eu\/de\/category\/neues\/\" rel=\"tag\">Neues<\/a>, <a href=\"https:\/\/science.rmtmo.eu\/de\/category\/slider-de\/\" rel=\"tag\">Slider<\/a>                            <\/span>\n            <span class=\"post-tags\">\n                            <\/span>\n            <span class=\"post-link\">\n                            <\/span>\n        <\/div>\n    <\/div>\n<span class=\"hide\"><span class=\"entry-title\">13.10.2026, Stra\u00dfburg, Lab Visit Upper-Rhine, Entdeckung von Innovationsm\u00f6glichkeiten f\u00fcr Unternehmen aus den Bereichen Biotechnologie, Pharmaindustrie und Gesundheitswesen  \u00a0<\/span><time class=\"entry-date updated\" datetime=\"2026-08-26T12:02:37+02:00\">08.26.2026<\/time><\/span><\/article>\n            <\/div>\n        <\/li>        <li class=\"post-item col-md-4\">\n            <div class=\"grid-post swatch-sciences-white\">\n<article id=\"post-16501\" class=\"post-showinfo  post-16501 post type-post status-publish format-standard has-post-thumbnail hentry category-neues category-slider-de\">\n    <div class=\"post-media overlay\">\n        <a href=\"https:\/\/science.rmtmo.eu\/de\/neues\/6-11-2026-strassburg-trinational-event-health-innovation-nexus\/\" class=\"feature-image hover-animate\"><img decoding=\"async\" src=\"https:\/\/science.rmtmo.eu\/wp-content\/uploads\/2026\/08\/Pisit-Sesatja\u00a9123rf_klein.jpg\" alt=\"Pisit-Sesatja\u00a9123rf_klein.jpg\"><i class=\"fa fa-link\"><\/i><\/a>    <\/div>\n    <div class=\"post-head small-screen-center\">\n        <h2 class=\"post-title entry-title\">\n            <a href=\"https:\/\/science.rmtmo.eu\/de\/neues\/6-11-2026-strassburg-trinational-event-health-innovation-nexus\/\" title=\"Permalink f\u00fcr 6.11.2026, Stra\u00dfburg, trinational Event \u201eHealth Innovation Nexus\u201c\" rel=\"bookmark\">\n                6.11.2026, Stra\u00dfburg, trinational Event \u201eHealth Innovation Nexus\u201c            <\/a>\n        <\/h2>\n        <small class=\"post-author\">\n            <a href=\"https:\/\/science.rmtmo.eu\/de\/\">\n                Julia Schoppe            <\/a>\n        <\/small>\n        <small class=\"post-date\">\n            26 August 2026        <\/small>        <div class=\"post-icon\">\n            <div class=\"hex hex-big\">\n                <i class=\"fa fa-file-text\"><\/i>            <\/div>\n        <\/div>    <\/div>\n    <div class=\"post-body entry-content\">\n                <p>Diese trinationale Networking-Veranstaltung bietet M\u00f6glichkeiten f\u00fcr fruchtbare Kooperationen, treibt Innovationen voran und hebt die <strong>sich erg\u00e4nzenden St\u00e4rken des \u00d6kosystems am Oberrhein<\/strong> in den Bereichen Biowissenschaften, Medizintechnik und digitale Gesundheit hervor.<\/p>\n<a href=\"https:\/\/science.rmtmo.eu\/de\/neues\/6-11-2026-strassburg-trinational-event-health-innovation-nexus\/\" class=\"more-link\"><span class=\"fa fa-plus-circle\"><\/span><\/a>    <\/div>\n    <div class=\"post-extras bordered text-center\">\n            <div class=\"text-center\">\n            <span class=\"post-category\">\n                                <i class=\"fa fa-folder-open\"><\/i>\n                <a href=\"https:\/\/science.rmtmo.eu\/de\/category\/neues\/\" rel=\"tag\">Neues<\/a>, <a href=\"https:\/\/science.rmtmo.eu\/de\/category\/slider-de\/\" rel=\"tag\">Slider<\/a>                            <\/span>\n            <span class=\"post-tags\">\n                            <\/span>\n            <span class=\"post-link\">\n                            <\/span>\n        <\/div>\n    <\/div>\n<span class=\"hide\"><span class=\"entry-title\">6.11.2026, Stra\u00dfburg, trinational Event \u201eHealth Innovation Nexus\u201c<\/span><time class=\"entry-date updated\" datetime=\"2026-08-26T11:54:03+02:00\">08.26.2026<\/time><\/span><\/article>\n            <\/div>\n        <\/li>    <\/ul>\n<\/div><\/div><\/div><\/div><\/section>\n","protected":false},"excerpt":{"rendered":"Der Fonds \u201eWissen schafft Gesellschaft am Oberrhein\u201c nimmt noch bis M\u00e4rz 2027 Projektantr\u00e4ge entgegen. Wie kann Wissenschaft verst\u00e4ndlicher werden? Wie lassen sich B\u00fcrgerinnen und B\u00fcrger noch mehr f\u00fcr aktuelle Forschung begeistern? Und wie kann der Dialog zwischen Wissenschaft und Gesellschaft weiter ausgebaut werden? Diesen Fragen widmet sich der Fonds \u201eWissen schafft Gesellschaft am Oberrhein\u201c, getragen","protected":false},"author":1,"featured_media":0,"parent":0,"menu_order":0,"comment_status":"closed","ping_status":"closed","template":"","meta":{"ngg_post_thumbnail":0,"footnotes":""},"class_list":["post-329","page","type-page","status-publish","hentry"],"aioseo_notices":[],"aioseo_head":"\n\t\t<!-- All in One SEO 5.0.1 - aioseo.com -->\n\t<meta name=\"description\" content=\"Die S\u00e4ule Wissenschaft der Trinationalen Metropolregion Oberrhein\" \/>\n\t<meta name=\"robots\" content=\"max-image-preview:large\" \/>\n\t<link rel=\"canonical\" href=\"https:\/\/science.rmtmo.eu\/de\/\" \/>\n\t<meta name=\"generator\" content=\"All in One SEO (AIOSEO) 5.0.1\" \/>\n\t\t<meta property=\"og:locale\" content=\"de_DE\" \/>\n\t\t<meta property=\"og:site_name\" content=\"S\u00e4ule Wissenschaft | Pilier Sciences\" \/>\n\t\t<meta property=\"og:type\" content=\"activity\" \/>\n\t\t<meta property=\"og:title\" content=\"Wissenschaft am Oberrhein | S\u00e4ule Wissenschaft\" \/>\n\t\t<meta property=\"og:description\" content=\"Die S\u00e4ule Wissenschaft der Trinationalen Metropolregion Oberrhein\" \/>\n\t\t<meta property=\"og:url\" content=\"https:\/\/science.rmtmo.eu\/de\/\" \/>\n\t\t<meta name=\"twitter:card\" content=\"summary\" \/>\n\t\t<meta name=\"twitter:title\" content=\"Wissenschaft am Oberrhein | S\u00e4ule Wissenschaft\" \/>\n\t\t<meta name=\"twitter:description\" content=\"Die S\u00e4ule Wissenschaft der Trinationalen Metropolregion Oberrhein\" \/>\n\t\t<script type=\"application\/ld+json\" class=\"aioseo-schema\">\n\t\t\t{\"@context\":\"https:\\\/\\\/schema.org\",\"@graph\":[{\"@type\":\"BreadcrumbList\",\"@id\":\"https:\\\/\\\/science.rmtmo.eu\\\/de\\\/#breadcrumblist\",\"itemListElement\":[{\"@type\":\"ListItem\",\"@id\":\"https:\\\/\\\/science.rmtmo.eu\\\/de\\\/#listItem\",\"position\":1,\"name\":\"Home\",\"item\":\"https:\\\/\\\/science.rmtmo.eu\\\/de\\\/\",\"nextItem\":{\"@type\":\"ListItem\",\"@id\":\"https:\\\/\\\/science.rmtmo.eu\\\/de\\\/#listItem\",\"name\":\"Willkommen\"}},{\"@type\":\"ListItem\",\"@id\":\"https:\\\/\\\/science.rmtmo.eu\\\/de\\\/#listItem\",\"position\":2,\"name\":\"Willkommen\",\"previousItem\":{\"@type\":\"ListItem\",\"@id\":\"https:\\\/\\\/science.rmtmo.eu\\\/de\\\/#listItem\",\"name\":\"Home\"}}]},{\"@type\":\"Organization\",\"@id\":\"https:\\\/\\\/science.rmtmo.eu\\\/de\\\/#organization\",\"name\":\"S\\u00e4ule Wissenschaft\",\"description\":\"Pilier Sciences\",\"url\":\"https:\\\/\\\/science.rmtmo.eu\\\/de\\\/\"},{\"@type\":\"Person\",\"@id\":\"https:\\\/\\\/science.rmtmo.eu\\\/de\\\/#author\",\"url\":\"https:\\\/\\\/science.rmtmo.eu\\\/de\\\/\",\"name\":\"arnaud_redoutey\",\"image\":{\"@type\":\"ImageObject\",\"@id\":\"https:\\\/\\\/science.rmtmo.eu\\\/de\\\/#authorImage\",\"url\":\"https:\\\/\\\/secure.gravatar.com\\\/avatar\\\/d3a5bbf83da3fa9350156b2b2a1eb9ac424755bb3785e5b0d9746798affa62f5?s=96&d=mm&r=g\",\"width\":96,\"height\":96,\"caption\":\"arnaud_redoutey\"}},{\"@type\":\"WebPage\",\"@id\":\"https:\\\/\\\/science.rmtmo.eu\\\/de\\\/#webpage\",\"url\":\"https:\\\/\\\/science.rmtmo.eu\\\/de\\\/\",\"name\":\"Wissenschaft am Oberrhein | S\\u00e4ule Wissenschaft\",\"description\":\"Die S\\u00e4ule Wissenschaft der Trinationalen Metropolregion Oberrhein\",\"inLanguage\":\"de-DE\",\"isPartOf\":{\"@id\":\"https:\\\/\\\/science.rmtmo.eu\\\/de\\\/#website\"},\"breadcrumb\":{\"@id\":\"https:\\\/\\\/science.rmtmo.eu\\\/de\\\/#breadcrumblist\"},\"author\":{\"@id\":\"https:\\\/\\\/science.rmtmo.eu\\\/de\\\/#author\"},\"creator\":{\"@id\":\"https:\\\/\\\/science.rmtmo.eu\\\/de\\\/#author\"},\"datePublished\":\"2016-09-12T00:21:27+02:00\",\"dateModified\":\"2026-01-05T15:26:50+01:00\"},{\"@type\":\"WebSite\",\"@id\":\"https:\\\/\\\/science.rmtmo.eu\\\/de\\\/#website\",\"url\":\"https:\\\/\\\/science.rmtmo.eu\\\/de\\\/\",\"name\":\"S\\u00e4ule Wissenschaft\",\"description\":\"Pilier Sciences\",\"inLanguage\":\"de-DE\",\"publisher\":{\"@id\":\"https:\\\/\\\/science.rmtmo.eu\\\/de\\\/#organization\"}}]}\n\t\t<\/script>\n\t\t<!-- All in One SEO -->\n\n","aioseo_head_json":{"title":"Wissenschaft am Oberrhein | S\u00e4ule Wissenschaft","description":"Die S\u00e4ule Wissenschaft der Trinationalen Metropolregion Oberrhein","canonical_url":"https:\/\/science.rmtmo.eu\/de\/","robots":"max-image-preview:large","keywords":"","webmasterTools":{"miscellaneous":""},"schema":{"@context":"https:\/\/schema.org","@graph":[{"@type":"BreadcrumbList","@id":"https:\/\/science.rmtmo.eu\/de\/#breadcrumblist","itemListElement":[{"@type":"ListItem","@id":"https:\/\/science.rmtmo.eu\/de\/#listItem","position":1,"name":"Home","item":"https:\/\/science.rmtmo.eu\/de\/","nextItem":{"@type":"ListItem","@id":"https:\/\/science.rmtmo.eu\/de\/#listItem","name":"Willkommen"}},{"@type":"ListItem","@id":"https:\/\/science.rmtmo.eu\/de\/#listItem","position":2,"name":"Willkommen","previousItem":{"@type":"ListItem","@id":"https:\/\/science.rmtmo.eu\/de\/#listItem","name":"Home"}}]},{"@type":"Organization","@id":"https:\/\/science.rmtmo.eu\/de\/#organization","name":"S\u00e4ule Wissenschaft","description":"Pilier Sciences","url":"https:\/\/science.rmtmo.eu\/de\/"},{"@type":"Person","@id":"https:\/\/science.rmtmo.eu\/de\/#author","url":"https:\/\/science.rmtmo.eu\/de\/","name":"arnaud_redoutey","image":{"@type":"ImageObject","@id":"https:\/\/science.rmtmo.eu\/de\/#authorImage","url":"https:\/\/secure.gravatar.com\/avatar\/d3a5bbf83da3fa9350156b2b2a1eb9ac424755bb3785e5b0d9746798affa62f5?s=96&d=mm&r=g","width":96,"height":96,"caption":"arnaud_redoutey"}},{"@type":"WebPage","@id":"https:\/\/science.rmtmo.eu\/de\/#webpage","url":"https:\/\/science.rmtmo.eu\/de\/","name":"Wissenschaft am Oberrhein | S\u00e4ule Wissenschaft","description":"Die S\u00e4ule Wissenschaft der Trinationalen Metropolregion Oberrhein","inLanguage":"de-DE","isPartOf":{"@id":"https:\/\/science.rmtmo.eu\/de\/#website"},"breadcrumb":{"@id":"https:\/\/science.rmtmo.eu\/de\/#breadcrumblist"},"author":{"@id":"https:\/\/science.rmtmo.eu\/de\/#author"},"creator":{"@id":"https:\/\/science.rmtmo.eu\/de\/#author"},"datePublished":"2016-09-12T00:21:27+02:00","dateModified":"2026-01-05T15:26:50+01:00"},{"@type":"WebSite","@id":"https:\/\/science.rmtmo.eu\/de\/#website","url":"https:\/\/science.rmtmo.eu\/de\/","name":"S\u00e4ule Wissenschaft","description":"Pilier Sciences","inLanguage":"de-DE","publisher":{"@id":"https:\/\/science.rmtmo.eu\/de\/#organization"}}]},"og:locale":"de_DE","og:site_name":"S\u00e4ule Wissenschaft | Pilier Sciences","og:type":"activity","og:title":"Wissenschaft am Oberrhein | S\u00e4ule Wissenschaft","og:description":"Die S\u00e4ule Wissenschaft der Trinationalen Metropolregion Oberrhein","og:url":"https:\/\/science.rmtmo.eu\/de\/","twitter:card":"summary","twitter:title":"Wissenschaft am Oberrhein | S\u00e4ule Wissenschaft","twitter:description":"Die S\u00e4ule Wissenschaft der Trinationalen Metropolregion Oberrhein"},"aioseo_meta_data":{"post_id":"329","title":"Wissenschaft am Oberrhein | #site_title","description":"Die S\u00e4ule Wissenschaft der Trinationalen Metropolregion Oberrhein","keywords":null,"keyphrases":{"focus":{"keyphrase":"","score":0,"analysis":{"keyphraseInTitle":{"score":0,"maxScore":9,"error":1}}},"additional":[]},"primary_term":null,"canonical_url":null,"og_title":null,"og_description":null,"og_object_type":"activity","og_image_type":"default","og_image_url":null,"og_image_width":null,"og_image_height":null,"og_image_custom_url":null,"og_image_custom_fields":null,"og_video":"","og_custom_url":null,"og_article_section":null,"og_article_tags":null,"twitter_use_og":false,"twitter_card":"summary","twitter_image_type":"default","twitter_image_url":null,"twitter_image_custom_url":null,"twitter_image_custom_fields":null,"twitter_title":null,"twitter_description":null,"schema":{"blockGraphs":[],"customGraphs":[],"default":{"data":{"Article":[],"Course":[],"Dataset":[],"FAQPage":[],"Movie":[],"Person":[],"Product":[],"ProductReview":[],"Car":[],"Recipe":[],"Service":[],"SoftwareApplication":[],"WebPage":[]},"graphName":"WebPage","isEnabled":true},"graphs":[]},"schema_type":null,"schema_type_options":null,"pillar_content":false,"robots_default":true,"robots_noindex":false,"robots_noarchive":false,"robots_nosnippet":false,"robots_nofollow":false,"robots_noimageindex":false,"robots_noodp":false,"robots_notranslate":false,"robots_max_snippet":"-1","robots_max_videopreview":"-1","robots_max_imagepreview":"large","priority":null,"frequency":"default","local_seo":null,"breadcrumb_settings":null,"limit_modified_date":false,"ai":{"faqs":[],"keyPoints":[],"titles":[],"descriptions":[],"socialPosts":{"email":[],"linkedin":[],"twitter":[],"facebook":[],"instagram":[]}},"created":"2021-01-17 21:00:07","updated":"2026-01-05 14:34:38","focus_keyword":null,"additional_keywords":null,"truseo_locale":null,"seo_analyzer_scan_date":null},"aioseo_breadcrumb":"<div class=\"aioseo-breadcrumbs\"><span class=\"aioseo-breadcrumb\">\n\t\t\t<a href=\"https:\/\/science.rmtmo.eu\/de\/\" title=\"Home\">Home<\/a>\n\t\t<\/span><span class=\"aioseo-breadcrumb-separator\">&raquo;<\/span><span class=\"aioseo-breadcrumb\">\n\t\t\tWillkommen\n\t\t<\/span><\/div>","aioseo_breadcrumb_json":[{"label":"Home","link":"https:\/\/science.rmtmo.eu\/de\/"},{"label":"Willkommen","link":"https:\/\/science.rmtmo.eu\/de\/"}],"_links":{"self":[{"href":"https:\/\/science.rmtmo.eu\/de\/wp-json\/wp\/v2\/pages\/329","targetHints":{"allow":["GET"]}}],"collection":[{"href":"https:\/\/science.rmtmo.eu\/de\/wp-json\/wp\/v2\/pages"}],"about":[{"href":"https:\/\/science.rmtmo.eu\/de\/wp-json\/wp\/v2\/types\/page"}],"author":[{"embeddable":true,"href":"https:\/\/science.rmtmo.eu\/de\/wp-json\/wp\/v2\/users\/1"}],"replies":[{"embeddable":true,"href":"https:\/\/science.rmtmo.eu\/de\/wp-json\/wp\/v2\/comments?post=329"}],"version-history":[{"count":26,"href":"https:\/\/science.rmtmo.eu\/de\/wp-json\/wp\/v2\/pages\/329\/revisions"}],"predecessor-version":[{"id":15707,"href":"https:\/\/science.rmtmo.eu\/de\/wp-json\/wp\/v2\/pages\/329\/revisions\/15707"}],"wp:attachment":[{"href":"https:\/\/science.rmtmo.eu\/de\/wp-json\/wp\/v2\/media?parent=329"}],"curies":[{"name":"wp","href":"https:\/\/api.w.org\/{rel}","templated":true}]}}