{"id":323,"date":"2016-09-12T00:08:29","date_gmt":"2016-09-11T22:08:29","guid":{"rendered":"https:\/\/science.rmtmo.eu\/de\/?page_id=323"},"modified":"2018-08-10T12:04:44","modified_gmt":"2018-08-10T10:04:44","slug":"dialog-science-2016","status":"publish","type":"page","link":"https:\/\/science.rmtmo.eu\/de\/dialog-science\/dialog-science-2016\/","title":{"rendered":"Dialog Science 2016"},"content":{"rendered":"<section  class=\"section swatch-sciences-white section-short \" ><div class=\"background-media\"><\/div><div class=\"background-overlay\" style=\"\"><\/div><div class=\"container\"><div class=\"row vertical-top\"><div class=\"col-md-6  text-default\" ><h1 class=\"text-left super regular bordered-header\">Dialog Science 2016<\/h1><p>In Ankn\u00fcpfung an den Erfolg der Tage der Wissenschaft \u201eDialog Science\u201c in den Jahren 2012, 2013 und 2014 wird diese Initiative nach einj\u00e4hriger Pause im Herbst 2016 wieder durchgef\u00fchrt.<\/p>\n<p>Ziel ist, wie bisher, grenz\u00fcberschreitend den Austausch der Wissenschaftsakteure untereinander sowie mit Gesellschaft, Wirtschaft und Politik zu f\u00f6rdern und auf das umfangreiche Veranstaltungsangebot in diesem Bereich aufmerksam zu machen.<\/p>\n<p>Auf der neuen Internetpr\u00e4senz der S\u00e4ule Wissenschaft finden Sie eine Auswahl an Veranstaltungen, die in den Monaten Oktober und November an verschiedenen Orten im Oberrhein stattfinden.<\/p>\n<p>&nbsp;<\/p>\n<p>Informationen zur Veranstaltung\u00a0<a href=\"https:\/\/science.rmtmo.eu\/wp-content\/uploads\/2018\/08\/Neue-Impulse-f\u00fcr-grenz\u00fcberschreitende-Innovationen-in-Energie-und-Umwelt.pdf\">&#8222;Neue Impulse f\u00fcr grenz\u00fcberschreitende Innovationen in Energie und Umwelt&#8220;<\/a><\/p>\n<\/div><div class=\"col-md-6  text-default\" ><img decoding=\"async\" alt=\"\" src=\"https:\/\/science.rmtmo.eu\/wp-content\/uploads\/2016\/08\/dialog-science-2016-e1478878053796.png\" class=\"alignnone\"\/><\/div><\/div><\/div><\/section><section  class=\"section swatch-sciences-white section-tiny \" ><div class=\"background-media\"><\/div><div class=\"background-overlay\" style=\"\"><\/div><div class=\"container\"><div class=\"row vertical-top\"><div class=\"col-md-12  text-default\" ><div class=\"box-wrap\"><div class=\"box-round box-medium\"><div class=\"box-dummy\"><\/div><span class=\"box-inner\"><i class=\"fa fa-download\" data-animation=\"fadeIn\"><\/i><\/span><\/div><\/div><h2 style=\"text-align: center;\">Im Programm Dialog Science 2016<\/h2>\n<p style=\"text-align: center;\">Im Folgenden finden Sie die Highlights der diej\u00e4hrigen Ausgabe von Dialog Science. Weitere Veranstaltungen <a href=\"https:\/\/science.rmtmo.eu\/de\/calendrier\/\">finden Sie in unserem Kalender<\/a>.<\/p>\n<div class=\"panel-group \" id=\"accordion_69f0cb26b7b1a\"><div class=\"panel panel-default\"><div class=\"panel-heading\"><a class=\"accordion-toggle collapsed\" data-parent=\"#accordion_69f0cb26b7b1a\" data-toggle=\"collapse\" href=\"#group69f0cb26b7bb3\">Science Days 2016<\/a><\/div><div class=\"panel-collapse collapse\" id=\"group69f0cb26b7bb3\"><div class=\"panel-body\"><p><p><img loading=\"lazy\" decoding=\"async\" class=\"size-full wp-image-1176 alignright\" src=\"https:\/\/science.rmtmo.eu\/wp-content\/uploads\/2016\/10\/science-days-europapark-2016.jpg\" alt=\"science-days-europapark-2016\" width=\"258\" height=\"300\" \/><\/p>\n<p>Vom 10. bis 15. Oktober (au\u00dfer Mittwoch) finden die Science Days statt. Das Besondere in diesem Jahr: Die Veranstaltung findet an insgesamt f\u00fcnf Tagen statt und bietet mit wechselnden Ausstellern und Shows die volle Ladung Wissenschaft zum Anfassen.<\/p>\n<p>Das diesj\u00e4hrige Motto ist \u201eElektrizit\u00e4t\u201c und sorgt f\u00fcr knisternde Spannung!<\/p>\n<p>Durch zahlreiche weitere Angebote mit anderen Themensetzungen wird das Programm abgerundet und sorgt so f\u00fcr ein nachhaltiges Erlebnis. Viele Unternehmen und Hochschulen pr\u00e4sentieren sich und bieten Sch\u00fclern, neben Wissenschaft zum Anfassen, die M\u00f6glichkeit, sich beruflich zu orientieren.<\/p>\n<p>Altbew\u00e4hrtes trifft auf neue Formate und frische Ideen: Lassen Sie sich \u00fcberraschen!<\/p>\n<p><strong>Wann:<\/strong> 10. bis 15. Oktober 2016 (au\u00dfer Mittwochs), 9 &#8211; 17 Uhr<\/p>\n<p><strong>Wo:<\/strong> Europa-Park, Europa-Park-Stra\u00dfe 2, 77977 Rust<\/p>\n<p><span style=\"color: #000000;\"><strong>Weiter Informationen:<\/strong> <\/span><a href=\"http:\/\/www.science-days.de\/science-days\/\">http:\/\/www.science-days.de\/science-days\/<\/a><\/p>\n<\/p><\/div><\/div><\/div><div class=\"panel panel-default\"><div class=\"panel-heading\"><a class=\"accordion-toggle collapsed\" data-parent=\"#accordion_69f0cb26b7b1a\" data-toggle=\"collapse\" href=\"#group69f0cb26b7c1e\">Inwiefern gestaltet die Wissenschaft unsere Zukunft?<\/a><\/div><div class=\"panel-collapse collapse\" id=\"group69f0cb26b7c1e\"><div class=\"panel-body\"><p><p><img loading=\"lazy\" decoding=\"async\" class=\"wp-image-1471 size-medium alignright\" src=\"https:\/\/science.rmtmo.eu\/wp-content\/uploads\/2016\/09\/Affiche-CONFERENCE-R-SITTLER-12-OCT-2016-300x212.jpg\" alt=\"affiche-conference-r-sittler-12-oct-2016\" width=\"300\" height=\"212\" \/>Im Rahmen der &#8222;F\u00eate de la Science&#8220; organisiert das Naturhistorische Museum in Colmar eine Konferenz mit Anschlie\u00dfender Debatte zum Thema &#8222;Inwiefern gestaltet die Wissenschaft unsere Zukunft.<\/p>\n<p>Eine Konferenz von Robert Sittler<\/p>\n<p>Die Veranstaltung findet in franz\u00f6sischer Sprache statt.<\/p>\n<p><strong>Wann:<\/strong> Mittwoch 12. Oktober 2016 um 20 Uhr<\/p>\n<p><strong>Wo: <\/strong>Mus\u00e9e de l&#8217;histoire naturelle et d&#8217;\u00e9thnographie Colmar, 11 rue Turenne, 68000 Colmar<\/p>\n<p><strong>Weitere informationen:<\/strong><a href=\"http:\/\/www.museumcolmar.org\/rubrique\/prochaines-manifestations\/\"> http:\/\/www.museumcolmar.org\/rubrique\/prochaines-manifestations\/<\/a><\/p>\n<\/p><\/div><\/div><\/div><div class=\"panel panel-default\"><div class=\"panel-heading\"><a class=\"accordion-toggle collapsed\" data-parent=\"#accordion_69f0cb26b7b1a\" data-toggle=\"collapse\" href=\"#group69f0cb26b7c5a\">Frauen-Technik-Slam: \u201eHoch die Latte? Hilft nur Mathe!\u201c<\/a><\/div><div class=\"panel-collapse collapse\" id=\"group69f0cb26b7c5a\"><div class=\"panel-body\"><p><p><img loading=\"lazy\" decoding=\"async\" class=\"size-full wp-image-1233 alignright\" src=\"https:\/\/science.rmtmo.eu\/wp-content\/uploads\/2016\/10\/frauen-slam-mint.jpg\" alt=\"frauen-slam-mint\" width=\"367\" height=\"137\" srcset=\"https:\/\/science.rmtmo.eu\/wp-content\/uploads\/2016\/10\/frauen-slam-mint.jpg 367w, https:\/\/science.rmtmo.eu\/wp-content\/uploads\/2016\/10\/frauen-slam-mint-300x112.jpg 300w\" sizes=\"auto, (max-width: 367px) 100vw, 367px\" \/><\/p>\n<p>Am Freitag, 14. Oktober 2016, ab 18.00 Uhr findet der erste Frauen-Technik-Slam am Hochschulcampus Tuttlingen statt. MINT-Frauen pr\u00e4sentieren dabei Aspekte und Themen aus ihrem Berufsalltag und das Publikum bewertet sie. Die Veranstaltung ist kostenfrei. Eine Anmeldung ist nicht erforderlich.<\/p>\n<p>Einblicke erhalten. Siegerin k\u00fcren. Anstecken lassen: Unter diesem Motto slammen f\u00fcnf Referentinnen zu Technik-Themen oder \u00fcber ihre Erfahrungen im Job. In je zehn Minuten liefern sie auf kreative und unterhaltsame Weise einen Einblick in ihr Fachgebiet aus Mathematik, Informatik, Naturwissenschaften und Technik (MINT). Vortr\u00e4ge wie \u201eHoch die Latte? Hilft nur Mathe!\u201c, \u201eWo w\u00e4chst eigentlich die Milchflasche?\u201c oder \u201eOma, warum hast du so sch\u00f6ne Z\u00e4hne?\u201c stehen an dem Abend auf dem Programm. Zuschauerinnen und Zuschauer bewerten den interessantesten oder originellsten Beitrag abschlie\u00dfend.<\/p>\n<p><strong>Wann<\/strong>: Freitag, 14. Oktober 2016, ab 18.00 Uhr<\/p>\n<p><strong>Wo:<\/strong> Hochschule Furtwangen, Hochschulcampus Tuttlingen, Kronenstra\u00dfe 16, 78532 Tuttlingen<\/p>\n<p><strong>Weitere Informationen:<\/strong> <a href=\"http:\/\/www.hfu-campus-tuttlingen.de\/nc\/infocenter\/presse\/news-detail\/article\/frauen-technik-slam-hoch-die-latte-hilft-nur-mathe\/\">http:\/\/www.hfu-campus-tuttlingen.de\/nc\/infocenter\/presse\/news-detail\/article\/frauen-technik-slam-hoch-die-latte-hilft-nur-mathe\/<\/a><\/p>\n<\/p><\/div><\/div><\/div><div class=\"panel panel-default\"><div class=\"panel-heading\"><a class=\"accordion-toggle collapsed\" data-parent=\"#accordion_69f0cb26b7b1a\" data-toggle=\"collapse\" href=\"#group69f0cb26b7c8f\">Speyerer Wissenschaftstage 2016: Impact von Wissenschaft und Hochschulen<\/a><\/div><div class=\"panel-collapse collapse\" id=\"group69f0cb26b7c8f\"><div class=\"panel-body\"><p><p><strong><img loading=\"lazy\" decoding=\"async\" class=\"wp-image-815 size-medium alignright\" src=\"https:\/\/science.rmtmo.eu\/wp-content\/uploads\/2016\/09\/Uni-speyer-300x159.png\" alt=\"uni-speyer\" width=\"300\" height=\"159\" \/><\/strong><\/p>\n<p><strong>Aktuelle Fragestellungen und empirische Befunde<\/strong><\/p>\n<p>Der deutsche und internationale Hochschulsektor hat sich in den letzten Jahren massiv ver\u00e4ndert und steht vor weiteren Herausforderungen. Ein zentraler Aspekt aktueller Reformen ist der Versuch, Leistungen des Wissenschafts- und Hochschulsystems f\u00fcr andere gesellschaftliche Teilbereiche zu systematisieren und dadurch zu erh\u00f6hen. Employability, wissenschaftliche Innovationskraft als Grundlage \u00f6konomischer Wettbewerbsf\u00e4higkeit, Wissenstransfer in die Gesellschaft etc. sollen strategisch geplant und ihre Erf\u00fcllung \u00fcberwacht werden. Es ist daher nur plausibel, dass neben Forschung und Lehre die sogenannte \u201ethird mission\u201c als explizite Aufgabe f\u00fcr die Hochschulen formuliert wurde. Was aber leisten Hochschulen und Wissenschaft f\u00fcr die Politik, die \u00d6konomie, die Zivilgesellschaft tats\u00e4chlich?<\/p>\n<p>Die Speyerer Wissenschaftstage 2016 widmen sich diesem Thema. Sie werden gemeinsam vom Lehrstuhl \u201eHochschul- und Wissenschafts-management\u201c der Universit\u00e4t Speyer und vom Zentrum f\u00fcr Wissenschaftsmanagement (ZWM) ausgerichtet und verstehen sich als Treffpunkt und Austauschplattform f\u00fcr Hochschul- und Wissenschaftsforschende, WissenschaftsmanagerInnen und Angeh\u00f6rige der Wissenschaftsadministration.<\/p>\n<p><strong>Wann:<\/strong> Freitag, 14.10.2016, 10-18 Uhr und Samstag, 15.10.2016, 9-18 Uhr<\/p>\n<p><strong>Wo: <\/strong>Universit\u00e4t Speyer, Freiherr-vom-Stein-Str. 2, 67346\u00a0 Speyer<\/p>\n<p><strong>Weitere Informationen:<\/strong> <a href=\"http:\/\/www.uni-speyer.de\/de\/weiterbildung\/weiterbildungsprogramm.php?seminarId=53\">http:\/\/www.uni-speyer.de\/de\/weiterbildung\/weiterbildungsprogramm.php?seminarId=53<\/a><\/p>\n<\/p><\/div><\/div><\/div><div class=\"panel panel-default\"><div class=\"panel-heading\"><a class=\"accordion-toggle collapsed\" data-parent=\"#accordion_69f0cb26b7b1a\" data-toggle=\"collapse\" href=\"#group69f0cb26b7ccc\">F\u00eate de la Science 2016<\/a><\/div><div class=\"panel-collapse collapse\" id=\"group69f0cb26b7ccc\"><div class=\"panel-body\"><p><p><img loading=\"lazy\" decoding=\"async\" class=\"wp-image-1175 size-medium alignright\" src=\"https:\/\/science.rmtmo.eu\/wp-content\/uploads\/2016\/10\/fete-de-la-science-grand-est-2016-300x109.jpg\" alt=\"fete-de-la-science-grand-est-2016\" width=\"300\" height=\"109\" \/><\/p>\n<p>Im Rahmen der \u201eF\u00eate de la science\u201c (Fest der Wissenschaft) wird der Austausch zwischen Wissenschaftlern und dem gro\u00dfen Publikum gef\u00f6rdert.<\/p>\n<p>&nbsp;<\/p>\n<p>Der Palais universitaire in Stra\u00dfburg beherbergt das <strong>\u00ab\u00a0Village des sciences\u00a0\u00bb (Dorf der Wissenschaft)<\/strong> vom Samstag den 15. bis Sonntag den 16. Oktober.<\/p>\n<p><strong>Wann:<\/strong> Samstag 15.10. von 10 bis 18 Uhr und Sonntag 16.10. von 14 bis 18 Uhr<\/p>\n<p><strong>Wo:<\/strong> 9, place de l&#8217;universit\u00e9, 67000 Strasbourg<\/p>\n<p>&nbsp;<\/p>\n<p>Die <strong>Mediathek Malraux<\/strong> wird auch Teil des Festes sein; in dem <strong>\u201eGesundheitsbereich\u201c<\/strong> k\u00f6nnen Sie z. B. die Geheimnisse der DNA entdecken.<\/p>\n<p><strong>Wann:<\/strong> Donnerstag 13.10. von 12 bis 19 Uhr, Freitag 14.10 von 12 bis 20 Uhr und Samstag 15.10. von 10 bis 19 Uhr<\/p>\n<p><strong>Wo:<\/strong> M\u00e9diath\u00e8que Malraux, 1 Presqu&#8217;\u00eele Andr\u00e9 Malraux, 67100 Strasbourg<\/p>\n<p>&nbsp;<\/p>\n<p>Das <strong>Kino UGC<\/strong> wir zum ersten Mal Teil der Veranstaltung sein indem es einen <strong>\u201eMathe-Bereich\u201c<\/strong> anbietet!<\/p>\n<p><strong>Wann:<\/strong> Freitag 14.10.\u00a0 und Samstag 15.10. von 13\u00a0:30 bis 20\u00a0:30 und Sonntag 16.10. von 10:30 bis 18:15<\/p>\n<p><strong>Wo:<\/strong> UGC Cin\u00e9cit\u00e9, 25 Route du Rhin, 67100 Strasbourg<\/p>\n<p>&nbsp;<\/p>\n<p>Der <strong>\u201eVaisseau\u201c<\/strong> \u00f6ffnet seine T\u00fcren \u00fcber das ganze Wochenende; der Eintritt ist frei. Hier werden <strong>Chemie und Gastronomie<\/strong> die zentralen Themen sein!<\/p>\n<p><strong>Wann:<\/strong> Samstag 14.10. und Sonntag 15.10. von 10 bis 18 Uhr.<\/p>\n<p><strong>Wo:<\/strong> Le Vaisseau, 1 Bis Rue Philippe Dollinger, 67100 Strasbourg<\/p>\n<p>&nbsp;<\/p>\n<p>Die Veranstaltungen finden in franz\u00f6sischer Sprache statt.<\/p>\n<p><strong>Weitere Informationen:<\/strong> <a href=\"http:\/\/jardin-sciences.unistra.fr\/fete-de-la-science\/\">jardin-sciences.unistra.fr\/fete-de-la-science\/<\/a><\/p>\n<\/p><\/div><\/div><\/div><div class=\"panel panel-default\"><div class=\"panel-heading\"><a class=\"accordion-toggle collapsed\" data-parent=\"#accordion_69f0cb26b7b1a\" data-toggle=\"collapse\" href=\"#group69f0cb26b7d22\">Forum AlsaceTech Entreprises<\/a><\/div><div class=\"panel-collapse collapse\" id=\"group69f0cb26b7d22\"><div class=\"panel-body\"><p><p><strong><img loading=\"lazy\" decoding=\"async\" class=\"size-full wp-image-1219 alignright\" src=\"https:\/\/science.rmtmo.eu\/wp-content\/uploads\/2016\/10\/forum-alsace-tech.png.jpg\" alt=\"forum-alsace-tech-png\" width=\"280\" height=\"158\" \/><\/strong><\/p>\n<p>Das \u00ab Forum Alsace Tech Entreprises \u00bb gibt es seit dem Jahr 2007. Es ist die gr\u00f6\u00dfte Berufsinformationsmesse f\u00fcr die Vermittlung von Jobs und Praktika in Ost-Frankreich. Alsace Tech richtet diese Messe gemeinsam mit 14 Ingenieurs-, Management- und Architekturhochschulen sowie 2 Universit\u00e4ten in Stra\u00dfburg aus.<\/p>\n<p>Dieses Event bringt \u00fcber 100 Unternehmen und 3000 Studierende zusammen und hat zum Ziel, Ihnen potenzielle zuk\u00fcnftige Mitarbeiter vorzustellen. Mit mehr als 70 Spezialisierungen in 7 Ausbildungsbereichen finden Sie ein Publikum mit breitgef\u00e4chertem Profil \u2013 auf der Suche nach Jobs sowie nach kurzen bzw. langen Praktika sowohl in Frankreich als auch im Ausland.<\/p>\n<p><strong>Wann:<\/strong> Donnerstag, 20. Oktober 2016, 10-17 Uhr<\/p>\n<p><strong>Wo: <\/strong>INSA de Strasbourg &#8211; 24 boulevard de la Victoire &#8211; 67000 Strasbourg<\/p>\n<p><strong>Weitere Informationen:<\/strong> <a href=\"http:\/\/www.forum-alsacetech.org\/\">http:\/\/www.forum-alsacetech.org\/<\/a><\/p>\n<\/p><\/div><\/div><\/div><div class=\"panel panel-default\"><div class=\"panel-heading\"><a class=\"accordion-toggle collapsed\" data-parent=\"#accordion_69f0cb26b7b1a\" data-toggle=\"collapse\" href=\"#group69f0cb26b7d4f\">Europa als Herausforderung<\/a><\/div><div class=\"panel-collapse collapse\" id=\"group69f0cb26b7d4f\"><div class=\"panel-body\"><p><p><img loading=\"lazy\" decoding=\"async\" class=\"size-full wp-image-1232 alignright\" src=\"https:\/\/science.rmtmo.eu\/wp-content\/uploads\/2016\/10\/frankreich-zentrum.jpg\" alt=\"frankreich-zentrum\" width=\"197\" height=\"116\" \/><\/p>\n<p><strong>Geistes- und sozialwissenschaftliche Zusammenarbeit zwischen Deutschland und Frankreich in zivilgesellschaftlicher Perspektive<\/strong><\/p>\n<p>Im Rahmen des Forschungskolloquiums am Frankreich-Zentrum referiert Prof. Dr. Michael Werner (EHESS Paris) \u00fcber das Thema &#8222;Europa als Herausforderung. Geistes- und sozialwissenschaftliche Zusammenarbeit zwischen Deutschland und Frankreich in zivilgesellschaftlicher Perspektive&#8220;.<\/p>\n<p><strong>Wann:<\/strong> 25.10.2016 von 20:00 bis 22:00<\/p>\n<p><strong>Wo:<\/strong> Frankreich-Zentrum, Loewenstr. 16, 79098 Freiburg i. Br., Kollegiengeb\u00e4ude I, HS 1224<\/p>\n<p><strong>Weitere Informationen:<\/strong> <a href=\"http:\/\/www.fz.uni-freiburg.de\/veranstaltungen\/Forschungskolloquium%20\">http:\/\/www.fz.uni-freiburg.de\/veranstaltungen\/Forschungskolloquium%20<\/a><\/p>\n<\/p><\/div><\/div><\/div><div class=\"panel panel-default\"><div class=\"panel-heading\"><a class=\"accordion-toggle collapsed\" data-parent=\"#accordion_69f0cb26b7b1a\" data-toggle=\"collapse\" href=\"#group69f0cb26b7d78\">Basar Molekular - Der Wissens Talk<\/a><\/div><div class=\"panel-collapse collapse\" id=\"group69f0cb26b7d78\"><div class=\"panel-body\"><p><p><img loading=\"lazy\" decoding=\"async\" class=\"alignright wp-image-1476 size-medium\" src=\"https:\/\/science.rmtmo.eu\/wp-content\/uploads\/2016\/09\/Basar-Molekular-300x286.jpg\" alt=\"basar-molekular\" width=\"300\" height=\"286\" srcset=\"https:\/\/science.rmtmo.eu\/wp-content\/uploads\/2016\/09\/Basar-Molekular-300x286.jpg 300w, https:\/\/science.rmtmo.eu\/wp-content\/uploads\/2016\/09\/Basar-Molekular.jpg 688w\" sizes=\"auto, (max-width: 300px) 100vw, 300px\" \/>Am Basar Molekular werden komplexe wissenschaftliche Zusammenh\u00e4nge in verst\u00e4ndlicher Sprache diskutiert. Leitende Wissenschaftler und Mitglieder der <a href=\"http:\/\/www.nccr-mse.ch\/de\/home\/\">NCCR Molecular Systems Engineering<\/a> (Nationale Kompetenzzentren f\u00fcr Molekular Systeme) treffen auf Personlichkeiten aus Kunst, Sport, Privatwirtschaft und Politik.<\/p>\n<p>Der Live-Talk wird von Radio X (5. November, 14 Uhr), Kanal K (4. und 11. November, 20 Uhr) und Radio RaBe (3. November, 16 Uhr) ausgestrahlt und kann als Podcast heruntergeladen werden.<\/p>\n<p>2016 sind mit dabei:<\/p>\n<ul>\n<li>Andrea Schenker-Wicki, seit August 2015 Rektorin der Universit\u00e4t Basel<\/li>\n<li>Henryk M. Broder, Autor f\u00fcr \u00abDer Spiegel\u00bb und \u00abDie Welt\u00bb. Seine Kolumnen zu Islamismus und islamistischen Terrorismus polarisieren und werden kontrovers diskutiert<\/li>\n<li>Verena A. Briner, Titularprofessorin f\u00fcr Innere Medizin und ex-Verwaltungsr\u00e4tin bei Novartis<\/li>\n<li>Viola Vogel, Biophysikerin und Projektleiterin am NCCR Molecular Systems Engineering (ETH Z\u00fcrich)<\/li>\n<\/ul>\n<p>Die Veranstaltung wird moderiert von Ralf Stutzki, Ethiker am NCCR Molecular Systems Engineering<br \/>\nDer Songwriter Pink Pedrazzi begleitet den Abend musikalisch. Ein Ap\u00e9ro wird offeriert.<\/p>\n<p><strong>Wann:<\/strong> 27.10.2016, 19:20 Uhr<\/p>\n<p><strong>Wo:<\/strong> Caf\u00e9 Sud, Burgweg 7, 4058 Basel<\/p>\n<p><strong>Weitere Informationen:<\/strong> <a href=\"http:\/\/www.nccr-mse.ch\/de\/public-events\/basar-molekular-public-talk\/\">http:\/\/www.nccr-mse.ch\/de\/public-events\/basar-molekular-public-talk\/<\/a><\/p>\n<\/p><\/div><\/div><\/div><div class=\"panel panel-default\"><div class=\"panel-heading\"><a class=\"accordion-toggle collapsed\" data-parent=\"#accordion_69f0cb26b7b1a\" data-toggle=\"collapse\" href=\"#group69f0cb26b7db4\">2. Nacht der Wissenschaft Karlsruhe<\/a><\/div><div class=\"panel-collapse collapse\" id=\"group69f0cb26b7db4\"><div class=\"panel-body\"><p><p><img loading=\"lazy\" decoding=\"async\" class=\"wp-image-1235 size-medium alignright\" src=\"https:\/\/science.rmtmo.eu\/wp-content\/uploads\/2016\/10\/nacht-der-wissenschaft-karlsruhe-300x300.png\" alt=\"nacht-der-wissenschaft-karlsruhe\" width=\"300\" height=\"300\" srcset=\"https:\/\/science.rmtmo.eu\/wp-content\/uploads\/2016\/10\/nacht-der-wissenschaft-karlsruhe-300x300.png 300w, https:\/\/science.rmtmo.eu\/wp-content\/uploads\/2016\/10\/nacht-der-wissenschaft-karlsruhe-150x150.png 150w, https:\/\/science.rmtmo.eu\/wp-content\/uploads\/2016\/10\/nacht-der-wissenschaft-karlsruhe.png 518w\" sizes=\"auto, (max-width: 300px) 100vw, 300px\" \/><\/p>\n<p>In der Nacht vom 28. auf den 29. Oktober 2016 findet zum zweiten Mal die &#8222;Nacht der Wissenschaft&#8220; am KIT statt. In spannenden Vortr\u00e4gen geben Dozenten aus verschiedenen Fachbereichen des KIT Einblicke in ihr Themengebiet.<\/p>\n<p>Zwischen den Vortr\u00e4gen k\u00f6nnen sich Besucher und Dozenten bei Essen und Getr\u00e4nken \u00fcber die neugewonnenen Erkenntnisse austauschen.<\/p>\n<p><strong>Wann:<\/strong> 20:00 Uhr, Freitag, 28. Oktober 2016<\/p>\n<p><strong>Wo:<\/strong> Karlsruher Institut f\u00fcr Technologie (KIT), Kaiserstra\u00dfe 12, 76131 Karlsruhe<\/p>\n<p><strong>Weitere Informationen:<\/strong> <a href=\"http:\/\/www.ndw-ka.de\/\">http:\/\/www.ndw-ka.de\/<\/a><\/p>\n<\/p><\/div><\/div><\/div><div class=\"panel panel-default\"><div class=\"panel-heading\"><a class=\"accordion-toggle collapsed\" data-parent=\"#accordion_69f0cb26b7b1a\" data-toggle=\"collapse\" href=\"#group69f0cb26b7dda\">Politische Vertreter, zwischen Majest\u00e4t und N\u00e4he zum Volk<\/a><\/div><div class=\"panel-collapse collapse\" id=\"group69f0cb26b7dda\"><div class=\"panel-body\"><p><p><img loading=\"lazy\" decoding=\"async\" class=\"size-full wp-image-1179 alignright\" src=\"https:\/\/science.rmtmo.eu\/wp-content\/uploads\/2016\/10\/conferences_jardin_des_sciences_unistra.jpg\" alt=\"conferences_jardin_des_sciences_unistra\" width=\"183\" height=\"260\" \/><\/p>\n<p>Welche verschiedene Arten des Verh\u00e4ltnisses zwischen Politikern und der Bev\u00f6lkerung gibt es, und wann ist welches Verhalten seitens des politischen Vertreters angebracht?<\/p>\n<p>Konferenz unter der Leitung von Jean-Pascal Daloz<\/p>\n<p>Die Veranstaltung findet in franz\u00f6sischer Sprache statt.<\/p>\n<p><strong>Wann:<\/strong> 03.11. um 18 Uhr<\/p>\n<p><strong>Wo:<\/strong> Amphith\u00e9\u00e2tre 2, Le Patio, 22 rue Ren\u00e9 Descartes, 67000 Strasbourg<\/p>\n<p><strong>Weitere Informationen:<\/strong> <a href=\"http:\/\/jardin-sciences.unistra.fr\/uploads\/media\/livret-conf-oct-nov_web_.pdf\">http:\/\/jardin-sciences.unistra.fr\/uploads\/media\/livret-conf-oct-nov_web_.pdf<\/a><\/p>\n<\/p><\/div><\/div><\/div><div class=\"panel panel-default\"><div class=\"panel-heading\"><a class=\"accordion-toggle collapsed\" data-parent=\"#accordion_69f0cb26b7b1a\" data-toggle=\"collapse\" href=\"#group69f0cb26b7e01\">EFFEKTE - Wissenschaftsdienstage 2016 E-Learning \u2013 Neue Wege f\u00fcr Lehren und Lernen<\/a><\/div><div class=\"panel-collapse collapse\" id=\"group69f0cb26b7e01\"><div class=\"panel-body\"><p><p><img loading=\"lazy\" decoding=\"async\" class=\"size-full wp-image-1230 alignright\" src=\"https:\/\/science.rmtmo.eu\/wp-content\/uploads\/2016\/10\/effekte-wissenschaftsfestival-karlsruhe.png\" alt=\"effekte-wissenschaftsfestival-karlsruhe\" width=\"395\" height=\"110\" srcset=\"https:\/\/science.rmtmo.eu\/wp-content\/uploads\/2016\/10\/effekte-wissenschaftsfestival-karlsruhe.png 395w, https:\/\/science.rmtmo.eu\/wp-content\/uploads\/2016\/10\/effekte-wissenschaftsfestival-karlsruhe-300x84.png 300w\" sizes=\"auto, (max-width: 395px) 100vw, 395px\" \/><\/p>\n<p>Wie lernt man am PC, was \u201etypisch deutsch\u201c ist und wie man einen asiatischen Gesch\u00e4ftspartner begr\u00fc\u00dft? Wie sind Tests und Pr\u00fcfungen am Computer gut zu gestalten? Hilft E-Learning, das Studium flexibler zu machen? Wie k\u00f6nnen digitale Interaktion und soziale Faktoren in der Lehre unter einen Hut gebracht werden? Wissenschaftler der Hochschule Karlsruhe, der PH und der DHBW Karlsruhe zeigen auf, welche Rolle E-Learning im Lernprozess spielt, und wie damit neue Wege in der Lehre beschritten werden k\u00f6nnen.<\/p>\n<p>Die EFFEKTE-Reihe \u201eWissenschaftsdienstage\u201c bietet mit Vortr\u00e4gen, Science-Slams, Podiumsdiskussionen und Mitmach-Angeboten zum Thema \u201eMensch-Technik-Interaktion\u201c ein Programm f\u00fcr jedermann \u2013 unabh\u00e4ngig von Alter und Vorwissen.<\/p>\n<p><strong>Wann:<\/strong> 8. November, von 19:30 Uhr bis 22 Uhr<\/p>\n<p><strong>Wo:<\/strong> Gr\u00fcnderzentrum Perfekt Futur, Alter Schlachthof 39, 76131 Karlsruhe<\/p>\n<p><strong>Weitere Informationen:<\/strong> <a href=\"http:\/\/www.effekte-karlsruhe.de\/effekte-reihe-20162017\/veranstaltungsuebersicht\/\">http:\/\/www.effekte-karlsruhe.de\/effekte-reihe-20162017\/veranstaltungsuebersicht\/<\/a><\/p>\n<\/p><\/div><\/div><\/div><div class=\"panel panel-default\"><div class=\"panel-heading\"><a class=\"accordion-toggle collapsed\" data-parent=\"#accordion_69f0cb26b7b1a\" data-toggle=\"collapse\" href=\"#group69f0cb26b7e2b\">1. Regionales Forum der Akteure in Wissenschafts-, Technik- und Industriekultur R\u00e9gion Grand Est<\/a><\/div><div class=\"panel-collapse collapse\" id=\"group69f0cb26b7e2b\"><div class=\"panel-body\"><p><p><img loading=\"lazy\" decoding=\"async\" class=\"alignright wp-image-1231\" src=\"https:\/\/science.rmtmo.eu\/wp-content\/uploads\/2016\/10\/forum-culture-scientifique-nancy-2016-e1476108792641.png\" width=\"512\" height=\"130\" \/><\/p>\n<p>Leiter und Besch\u00e4ftigte von Museen, Wissenschaftszentren, Universit\u00e4ten und Hochschulen, Vereinen, Bibliotheken\u2026 sind zum Austausch \u00fcber die neuen Vorgehensweisen der CSTI auf Regionalebene eingeladen.<\/p>\n<p>Die Veranstaltung findet auf Franz\u00f6sisch statt.<\/p>\n<p><strong>Wann:<\/strong> 15. November von 14 bis 18 Uhr und 16. November von 8\u00a0:30 bis 13\u00a0:00<\/p>\n<p><strong>Wo:<\/strong> Mus\u00e9um-Aquarium de Nancy, 34 Rue Sainte-Catherine, 54000 Nancy<\/p>\n<p><strong>Weitere Informationen:<\/strong> <a href=\"http:\/\/www.univ-lorraine.fr\/ForumCSTI\">http:\/\/www.univ-lorraine.fr\/ForumCSTI<\/a><\/p>\n<\/p><\/div><\/div><\/div><div class=\"panel panel-default\"><div class=\"panel-heading\"><a class=\"accordion-toggle collapsed\" data-parent=\"#accordion_69f0cb26b7b1a\" data-toggle=\"collapse\" href=\"#group69f0cb26b7e53\">URCforSR Opening Event<\/a><\/div><div class=\"panel-collapse collapse\" id=\"group69f0cb26b7e53\"><div class=\"panel-body\"><p><p><img loading=\"lazy\" decoding=\"async\" class=\"size-full wp-image-692 alignright\" src=\"https:\/\/science.rmtmo.eu\/wp-content\/uploads\/2016\/09\/csm_Logo_URCforSR_Blatt_green_4ffb9efbbd.png\" alt=\"csm_logo_urcforsr_blatt_green_4ffb9efbbd\" width=\"142\" height=\"80\" \/>Am Upper Rhine Cluster for Sustainability Research (URCforSR) sind die Eucor-Universit\u00e4ten Basel, Freiburg, Karlsruhe, Mulhouse und Strasbourg, die Universit\u00e4t Koblenz-Landau mit dem Standort Landau sowie verschiedene Fachhochschulen resp. Forschungsinstitute als assoziierte Partner beteiligt.<\/p>\n<p>Das \u00fcbergeordnete l\u00e4ngerfristig ausgelegte Ziel dieses Projekts besteht darin, einen Forschungsverbund von zumindest europ\u00e4ischer Ausstrahlung zu etablieren und einerseits gemeinsame exzellente, grenz\u00fcberschreitende und interdisziplin\u00e4re Forschungsaktivit\u00e4ten zu entwickeln sowie andererseits einen Leuchtturm des Wissenstransfers in die Gesellschaft hinein zu realisieren.<\/p>\n<p>Bei der offiziellen Auftaktveranstaltung am 22. November 2016 stellen die Projektpartner das Projekt, dessen Ziele und Aktivit\u00e4ten vor und bieten Gelegenheit zum Austausch.<\/p>\n<p><strong>Wann:<\/strong> 22. November, 15 Uhr &#8211; 17:30 Uhr<\/p>\n<p><strong>Wo:<\/strong> Auditorium der Universit\u00e4t Freiburg, Tennenbacherstr. 4, 79106 Freiburg<\/p>\n<p><strong>Weitere Informationen:<\/strong> <a href=\"https:\/\/www.nachhaltigkeit-oberrhein.info\/fr\/veranstaltungen\/urcforsr-veranstaltungen\/\">https:\/\/www.nachhaltigkeit-oberrhein.info\/fr\/veranstaltungen\/urcforsr-veranstaltungen\/<\/a><\/p>\n<\/p><\/div><\/div><\/div><\/div><\/div><\/div><\/div><\/section>\n","protected":false},"excerpt":{"rendered":"Dialog Science 2016In Ankn\u00fcpfung an den Erfolg der Tage der Wissenschaft \u201eDialog Science\u201c in den Jahren 2012, 2013 und 2014 wird diese Initiative nach einj\u00e4hriger Pause im Herbst 2016 wieder durchgef\u00fchrt. Ziel ist, wie bisher, grenz\u00fcberschreitend den Austausch der Wissenschaftsakteure untereinander sowie mit Gesellschaft, Wirtschaft und Politik zu f\u00f6rdern und auf das umfangreiche Veranstaltungsangebot in","protected":false},"author":1,"featured_media":0,"parent":311,"menu_order":0,"comment_status":"closed","ping_status":"closed","template":"","meta":{"ngg_post_thumbnail":0,"footnotes":""},"class_list":["post-323","page","type-page","status-publish","hentry"],"aioseo_notices":[],"_links":{"self":[{"href":"https:\/\/science.rmtmo.eu\/de\/wp-json\/wp\/v2\/pages\/323","targetHints":{"allow":["GET"]}}],"collection":[{"href":"https:\/\/science.rmtmo.eu\/de\/wp-json\/wp\/v2\/pages"}],"about":[{"href":"https:\/\/science.rmtmo.eu\/de\/wp-json\/wp\/v2\/types\/page"}],"author":[{"embeddable":true,"href":"https:\/\/science.rmtmo.eu\/de\/wp-json\/wp\/v2\/users\/1"}],"replies":[{"embeddable":true,"href":"https:\/\/science.rmtmo.eu\/de\/wp-json\/wp\/v2\/comments?post=323"}],"version-history":[{"count":28,"href":"https:\/\/science.rmtmo.eu\/de\/wp-json\/wp\/v2\/pages\/323\/revisions"}],"predecessor-version":[{"id":4678,"href":"https:\/\/science.rmtmo.eu\/de\/wp-json\/wp\/v2\/pages\/323\/revisions\/4678"}],"up":[{"embeddable":true,"href":"https:\/\/science.rmtmo.eu\/de\/wp-json\/wp\/v2\/pages\/311"}],"wp:attachment":[{"href":"https:\/\/science.rmtmo.eu\/de\/wp-json\/wp\/v2\/media?parent=323"}],"curies":[{"name":"wp","href":"https:\/\/api.w.org\/{rel}","templated":true}]}}